{"id":11016,"date":"2023-07-07T07:27:21","date_gmt":"2023-07-07T11:27:21","guid":{"rendered":"http:\/\/3.96.229.193\/webinar\/is-the-waste-industry-ready-for-a-paradigm-shift-to-combat-pfas-wasteexpo-with-martin-bureau\/"},"modified":"2023-07-07T07:33:46","modified_gmt":"2023-07-07T11:33:46","slug":"is-the-waste-industry-ready-for-a-paradigm-shift-to-combat-pfas-wasteexpo-with-martin-bureau","status":"publish","type":"webinar","link":"https:\/\/sanexen.com\/fr\/webinar\/is-the-waste-industry-ready-for-a-paradigm-shift-to-combat-pfas-wasteexpo-with-martin-bureau\/","title":{"rendered":"Is the Waste Industry Ready for a Paradigm Shift to Combat\u00a0#PFAS?\u00a0#WasteExpo\u00a0with Martin Bureau (en anglais)"},"content":{"rendered":"\n<p>Le panel Waste Expo 2023 avec Martin Bureau et Steven Butel. L&rsquo;industrie des d\u00e9chets est-elle pr\u00eate \u00e0 changer de paradigme pour lutter contre les PFAS ? Pour en savoir plus sur ALTRA SANEXEN : https:\/\/sanexen.com\/fr\/solutions-pfas\/<\/p>\n\n\n\n<div style=\"height:100px\" aria-hidden=\"true\" class=\"wp-block-spacer\"><\/div>\n\n\n\n<figure class=\"wp-block-embed is-type-video is-provider-youtube wp-block-embed-youtube wp-embed-aspect-16-9 wp-has-aspect-ratio\"><div class=\"wp-block-embed__wrapper\">\n<iframe title=\"Is the Waste Industry Ready for a Paradigm Shift to Combat #PFAS? #WasteExpo with Martin Bureau.\" width=\"1080\" height=\"608\" data-src=\"https:\/\/www.youtube.com\/embed\/APf9_dz6l3g?feature=oembed\"  allow=\"accelerometer; autoplay; clipboard-write; encrypted-media; gyroscope; picture-in-picture; web-share\" allowfullscreen src=\"data:image\/svg+xml;base64,PHN2ZyB3aWR0aD0iMSIgaGVpZ2h0PSIxIiB4bWxucz0iaHR0cDovL3d3dy53My5vcmcvMjAwMC9zdmciPjwvc3ZnPg==\" class=\"lazyload\" data-load-mode=\"1\"><\/iframe>\n<\/div><\/figure>\n","protected":false},"excerpt":{"rendered":"<p>Le panel Waste Expo 2023 avec Martin Bureau et Steven Butel. L&rsquo;industrie des d\u00e9chets est-elle pr\u00eate \u00e0 changer de paradigme pour lutter contre les PFAS ? Pour en savoir plus sur ALTRA SANEXEN : https:\/\/sanexen.com\/fr\/solutions-pfas\/<\/p>\n","protected":false},"author":7,"featured_media":11012,"template":"","webinar_category":[65],"class_list":["post-11016","webinar","type-webinar","status-publish","has-post-thumbnail","hentry","webinar_category-solutions-pfas"],"yoast_head":"<!-- This site is optimized with the Yoast SEO plugin v27.4 - https:\/\/yoast.com\/product\/yoast-seo-wordpress\/ -->\n<title>Is the Waste Industry Ready for a Paradigm Shift to Combat\u00a0#PFAS?\u00a0#WasteExpo\u00a0with Martin Bureau (en anglais) | SANEXEN<\/title>\n<meta name=\"robots\" content=\"index, follow, max-snippet:-1, max-image-preview:large, max-video-preview:-1\" \/>\n<link rel=\"canonical\" href=\"https:\/\/sanexen.com\/fr\/webinar\/is-the-waste-industry-ready-for-a-paradigm-shift-to-combat-pfas-wasteexpo-with-martin-bureau\/\" \/>\n<meta property=\"og:locale\" content=\"fr_FR\" \/>\n<meta property=\"og:type\" content=\"article\" \/>\n<meta property=\"og:title\" content=\"Is the Waste Industry Ready for a Paradigm Shift to Combat\u00a0#PFAS?\u00a0#WasteExpo\u00a0with Martin Bureau (en anglais) | SANEXEN\" \/>\n<meta property=\"og:description\" content=\"Le panel Waste Expo 2023 avec Martin Bureau et Steven Butel. L&rsquo;industrie des d\u00e9chets est-elle pr\u00eate \u00e0 changer de paradigme pour lutter contre les PFAS ? Pour en savoir plus sur ALTRA SANEXEN : https:\/\/sanexen.com\/fr\/solutions-pfas\/\" \/>\n<meta property=\"og:url\" content=\"https:\/\/sanexen.com\/fr\/webinar\/is-the-waste-industry-ready-for-a-paradigm-shift-to-combat-pfas-wasteexpo-with-martin-bureau\/\" \/>\n<meta property=\"og:site_name\" content=\"SANEXEN\" \/>\n<meta property=\"article:publisher\" content=\"https:\/\/www.facebook.com\/sanexen.env\/\" \/>\n<meta property=\"article:modified_time\" content=\"2023-07-07T11:33:46+00:00\" \/>\n<meta property=\"og:image\" content=\"https:\/\/emplois.sanexen.com\/wp-content\/uploads\/2023\/07\/Screen-Shot-2023-07-07-at-7.24.54-AM-1024x503.png\" \/>\n\t<meta property=\"og:image:width\" content=\"1024\" \/>\n\t<meta property=\"og:image:height\" content=\"503\" \/>\n\t<meta property=\"og:image:type\" content=\"image\/png\" \/>\n<meta name=\"twitter:card\" content=\"summary_large_image\" \/>\n<meta name=\"twitter:site\" content=\"@sanexen_env\" \/>\n<meta name=\"twitter:label1\" content=\"Dur\u00e9e de lecture estim\u00e9e\" \/>\n\t<meta name=\"twitter:data1\" content=\"1 minute\" \/>\n<script type=\"application\/ld+json\" class=\"yoast-schema-graph\">{\"@context\":\"https:\\\/\\\/schema.org\",\"@graph\":[{\"@type\":\"WebPage\",\"@id\":\"https:\\\/\\\/sanexen.com\\\/fr\\\/webinar\\\/is-the-waste-industry-ready-for-a-paradigm-shift-to-combat-pfas-wasteexpo-with-martin-bureau\\\/\",\"url\":\"https:\\\/\\\/sanexen.com\\\/fr\\\/webinar\\\/is-the-waste-industry-ready-for-a-paradigm-shift-to-combat-pfas-wasteexpo-with-martin-bureau\\\/\",\"name\":\"Is the Waste Industry Ready for a Paradigm Shift to Combat\u00a0#PFAS?\u00a0#WasteExpo\u00a0with Martin Bureau (en anglais) | SANEXEN\",\"isPartOf\":{\"@id\":\"https:\\\/\\\/sanexen.com\\\/fr\\\/#website\"},\"primaryImageOfPage\":{\"@id\":\"https:\\\/\\\/sanexen.com\\\/fr\\\/webinar\\\/is-the-waste-industry-ready-for-a-paradigm-shift-to-combat-pfas-wasteexpo-with-martin-bureau\\\/#primaryimage\"},\"image\":{\"@id\":\"https:\\\/\\\/sanexen.com\\\/fr\\\/webinar\\\/is-the-waste-industry-ready-for-a-paradigm-shift-to-combat-pfas-wasteexpo-with-martin-bureau\\\/#primaryimage\"},\"thumbnailUrl\":\"https:\\\/\\\/sanexen.com\\\/wp-content\\\/uploads\\\/2023\\\/07\\\/Screen-Shot-2023-07-07-at-7.24.54-AM.png\",\"datePublished\":\"2023-07-07T11:27:21+00:00\",\"dateModified\":\"2023-07-07T11:33:46+00:00\",\"breadcrumb\":{\"@id\":\"https:\\\/\\\/sanexen.com\\\/fr\\\/webinar\\\/is-the-waste-industry-ready-for-a-paradigm-shift-to-combat-pfas-wasteexpo-with-martin-bureau\\\/#breadcrumb\"},\"inLanguage\":\"fr-FR\",\"potentialAction\":[{\"@type\":\"ReadAction\",\"target\":[\"https:\\\/\\\/sanexen.com\\\/fr\\\/webinar\\\/is-the-waste-industry-ready-for-a-paradigm-shift-to-combat-pfas-wasteexpo-with-martin-bureau\\\/\"]}]},{\"@type\":\"ImageObject\",\"inLanguage\":\"fr-FR\",\"@id\":\"https:\\\/\\\/sanexen.com\\\/fr\\\/webinar\\\/is-the-waste-industry-ready-for-a-paradigm-shift-to-combat-pfas-wasteexpo-with-martin-bureau\\\/#primaryimage\",\"url\":\"https:\\\/\\\/sanexen.com\\\/wp-content\\\/uploads\\\/2023\\\/07\\\/Screen-Shot-2023-07-07-at-7.24.54-AM.png\",\"contentUrl\":\"https:\\\/\\\/sanexen.com\\\/wp-content\\\/uploads\\\/2023\\\/07\\\/Screen-Shot-2023-07-07-at-7.24.54-AM.png\",\"width\":5118,\"height\":2516},{\"@type\":\"BreadcrumbList\",\"@id\":\"https:\\\/\\\/sanexen.com\\\/fr\\\/webinar\\\/is-the-waste-industry-ready-for-a-paradigm-shift-to-combat-pfas-wasteexpo-with-martin-bureau\\\/#breadcrumb\",\"itemListElement\":[{\"@type\":\"ListItem\",\"position\":1,\"name\":\"Home\",\"item\":\"https:\\\/\\\/altragroup.com\\\/fr\\\/\"},{\"@type\":\"ListItem\",\"position\":2,\"name\":\"Is the Waste Industry Ready for a Paradigm Shift to Combat\u00a0#PFAS?\u00a0#WasteExpo\u00a0with Martin Bureau (en anglais)\"}]},{\"@type\":\"WebSite\",\"@id\":\"https:\\\/\\\/sanexen.com\\\/fr\\\/#website\",\"url\":\"https:\\\/\\\/sanexen.com\\\/fr\\\/\",\"name\":\"SANEXEN\",\"description\":\"Field-Driven Innovation in Environmental and Water Services\u2014Advancing a More Sustainable Future\",\"publisher\":{\"@id\":\"https:\\\/\\\/sanexen.com\\\/fr\\\/#organization\"},\"alternateName\":\"Sanexen Services environnementaux\",\"potentialAction\":[{\"@type\":\"SearchAction\",\"target\":{\"@type\":\"EntryPoint\",\"urlTemplate\":\"https:\\\/\\\/sanexen.com\\\/fr\\\/?s={search_term_string}\"},\"query-input\":{\"@type\":\"PropertyValueSpecification\",\"valueRequired\":true,\"valueName\":\"search_term_string\"}}],\"inLanguage\":\"fr-FR\"},{\"@type\":\"Organization\",\"@id\":\"https:\\\/\\\/sanexen.com\\\/fr\\\/#organization\",\"name\":\"SANEXEN\",\"alternateName\":\"Sanexen Services environnementaux\",\"url\":\"https:\\\/\\\/sanexen.com\\\/fr\\\/\",\"logo\":{\"@type\":\"ImageObject\",\"inLanguage\":\"fr-FR\",\"@id\":\"https:\\\/\\\/sanexen.com\\\/fr\\\/#\\\/schema\\\/logo\\\/image\\\/\",\"url\":\"https:\\\/\\\/sanexen.com\\\/wp-content\\\/uploads\\\/2025\\\/11\\\/SNX-logo-696X696.png\",\"contentUrl\":\"https:\\\/\\\/sanexen.com\\\/wp-content\\\/uploads\\\/2025\\\/11\\\/SNX-logo-696X696.png\",\"width\":696,\"height\":696,\"caption\":\"SANEXEN\"},\"image\":{\"@id\":\"https:\\\/\\\/sanexen.com\\\/fr\\\/#\\\/schema\\\/logo\\\/image\\\/\"},\"sameAs\":[\"https:\\\/\\\/www.facebook.com\\\/sanexen.env\\\/\",\"https:\\\/\\\/x.com\\\/sanexen_env\",\"https:\\\/\\\/www.linkedin.com\\\/company\\\/sanexen-env\",\"https:\\\/\\\/www.youtube.com\\\/@sanexen-env\"]}]}<\/script>\n<!-- \/ Yoast SEO plugin. -->","yoast_head_json":{"title":"Is the Waste Industry Ready for a Paradigm Shift to Combat\u00a0#PFAS?\u00a0#WasteExpo\u00a0with Martin Bureau (en anglais) | SANEXEN","robots":{"index":"index","follow":"follow","max-snippet":"max-snippet:-1","max-image-preview":"max-image-preview:large","max-video-preview":"max-video-preview:-1"},"canonical":"https:\/\/sanexen.com\/fr\/webinar\/is-the-waste-industry-ready-for-a-paradigm-shift-to-combat-pfas-wasteexpo-with-martin-bureau\/","og_locale":"fr_FR","og_type":"article","og_title":"Is the Waste Industry Ready for a Paradigm Shift to Combat\u00a0#PFAS?\u00a0#WasteExpo\u00a0with Martin Bureau (en anglais) | SANEXEN","og_description":"Le panel Waste Expo 2023 avec Martin Bureau et Steven Butel. L&rsquo;industrie des d\u00e9chets est-elle pr\u00eate \u00e0 changer de paradigme pour lutter contre les PFAS ? Pour en savoir plus sur ALTRA SANEXEN : https:\/\/sanexen.com\/fr\/solutions-pfas\/","og_url":"https:\/\/sanexen.com\/fr\/webinar\/is-the-waste-industry-ready-for-a-paradigm-shift-to-combat-pfas-wasteexpo-with-martin-bureau\/","og_site_name":"SANEXEN","article_publisher":"https:\/\/www.facebook.com\/sanexen.env\/","article_modified_time":"2023-07-07T11:33:46+00:00","og_image":[{"width":1024,"height":503,"url":"https:\/\/emplois.sanexen.com\/wp-content\/uploads\/2023\/07\/Screen-Shot-2023-07-07-at-7.24.54-AM-1024x503.png","type":"image\/png"}],"twitter_card":"summary_large_image","twitter_site":"@sanexen_env","twitter_misc":{"Dur\u00e9e de lecture estim\u00e9e":"1 minute"},"schema":{"@context":"https:\/\/schema.org","@graph":[{"@type":"WebPage","@id":"https:\/\/sanexen.com\/fr\/webinar\/is-the-waste-industry-ready-for-a-paradigm-shift-to-combat-pfas-wasteexpo-with-martin-bureau\/","url":"https:\/\/sanexen.com\/fr\/webinar\/is-the-waste-industry-ready-for-a-paradigm-shift-to-combat-pfas-wasteexpo-with-martin-bureau\/","name":"Is the Waste Industry Ready for a Paradigm Shift to Combat\u00a0#PFAS?\u00a0#WasteExpo\u00a0with Martin Bureau (en anglais) | SANEXEN","isPartOf":{"@id":"https:\/\/sanexen.com\/fr\/#website"},"primaryImageOfPage":{"@id":"https:\/\/sanexen.com\/fr\/webinar\/is-the-waste-industry-ready-for-a-paradigm-shift-to-combat-pfas-wasteexpo-with-martin-bureau\/#primaryimage"},"image":{"@id":"https:\/\/sanexen.com\/fr\/webinar\/is-the-waste-industry-ready-for-a-paradigm-shift-to-combat-pfas-wasteexpo-with-martin-bureau\/#primaryimage"},"thumbnailUrl":"https:\/\/sanexen.com\/wp-content\/uploads\/2023\/07\/Screen-Shot-2023-07-07-at-7.24.54-AM.png","datePublished":"2023-07-07T11:27:21+00:00","dateModified":"2023-07-07T11:33:46+00:00","breadcrumb":{"@id":"https:\/\/sanexen.com\/fr\/webinar\/is-the-waste-industry-ready-for-a-paradigm-shift-to-combat-pfas-wasteexpo-with-martin-bureau\/#breadcrumb"},"inLanguage":"fr-FR","potentialAction":[{"@type":"ReadAction","target":["https:\/\/sanexen.com\/fr\/webinar\/is-the-waste-industry-ready-for-a-paradigm-shift-to-combat-pfas-wasteexpo-with-martin-bureau\/"]}]},{"@type":"ImageObject","inLanguage":"fr-FR","@id":"https:\/\/sanexen.com\/fr\/webinar\/is-the-waste-industry-ready-for-a-paradigm-shift-to-combat-pfas-wasteexpo-with-martin-bureau\/#primaryimage","url":"https:\/\/sanexen.com\/wp-content\/uploads\/2023\/07\/Screen-Shot-2023-07-07-at-7.24.54-AM.png","contentUrl":"https:\/\/sanexen.com\/wp-content\/uploads\/2023\/07\/Screen-Shot-2023-07-07-at-7.24.54-AM.png","width":5118,"height":2516},{"@type":"BreadcrumbList","@id":"https:\/\/sanexen.com\/fr\/webinar\/is-the-waste-industry-ready-for-a-paradigm-shift-to-combat-pfas-wasteexpo-with-martin-bureau\/#breadcrumb","itemListElement":[{"@type":"ListItem","position":1,"name":"Home","item":"https:\/\/altragroup.com\/fr\/"},{"@type":"ListItem","position":2,"name":"Is the Waste Industry Ready for a Paradigm Shift to Combat\u00a0#PFAS?\u00a0#WasteExpo\u00a0with Martin Bureau (en anglais)"}]},{"@type":"WebSite","@id":"https:\/\/sanexen.com\/fr\/#website","url":"https:\/\/sanexen.com\/fr\/","name":"SANEXEN","description":"Field-Driven Innovation in Environmental and Water Services\u2014Advancing a More Sustainable Future","publisher":{"@id":"https:\/\/sanexen.com\/fr\/#organization"},"alternateName":"Sanexen Services environnementaux","potentialAction":[{"@type":"SearchAction","target":{"@type":"EntryPoint","urlTemplate":"https:\/\/sanexen.com\/fr\/?s={search_term_string}"},"query-input":{"@type":"PropertyValueSpecification","valueRequired":true,"valueName":"search_term_string"}}],"inLanguage":"fr-FR"},{"@type":"Organization","@id":"https:\/\/sanexen.com\/fr\/#organization","name":"SANEXEN","alternateName":"Sanexen Services environnementaux","url":"https:\/\/sanexen.com\/fr\/","logo":{"@type":"ImageObject","inLanguage":"fr-FR","@id":"https:\/\/sanexen.com\/fr\/#\/schema\/logo\/image\/","url":"https:\/\/sanexen.com\/wp-content\/uploads\/2025\/11\/SNX-logo-696X696.png","contentUrl":"https:\/\/sanexen.com\/wp-content\/uploads\/2025\/11\/SNX-logo-696X696.png","width":696,"height":696,"caption":"SANEXEN"},"image":{"@id":"https:\/\/sanexen.com\/fr\/#\/schema\/logo\/image\/"},"sameAs":["https:\/\/www.facebook.com\/sanexen.env\/","https:\/\/x.com\/sanexen_env","https:\/\/www.linkedin.com\/company\/sanexen-env","https:\/\/www.youtube.com\/@sanexen-env"]}]}},"_links":{"self":[{"href":"https:\/\/sanexen.com\/fr\/wp-json\/wp\/v2\/webinar\/11016","targetHints":{"allow":["GET"]}}],"collection":[{"href":"https:\/\/sanexen.com\/fr\/wp-json\/wp\/v2\/webinar"}],"about":[{"href":"https:\/\/sanexen.com\/fr\/wp-json\/wp\/v2\/types\/webinar"}],"author":[{"embeddable":true,"href":"https:\/\/sanexen.com\/fr\/wp-json\/wp\/v2\/users\/7"}],"version-history":[{"count":1,"href":"https:\/\/sanexen.com\/fr\/wp-json\/wp\/v2\/webinar\/11016\/revisions"}],"predecessor-version":[{"id":11018,"href":"https:\/\/sanexen.com\/fr\/wp-json\/wp\/v2\/webinar\/11016\/revisions\/11018"}],"wp:featuredmedia":[{"embeddable":true,"href":"https:\/\/sanexen.com\/fr\/wp-json\/wp\/v2\/media\/11012"}],"wp:attachment":[{"href":"https:\/\/sanexen.com\/fr\/wp-json\/wp\/v2\/media?parent=11016"}],"wp:term":[{"taxonomy":"webinar_category","embeddable":true,"href":"https:\/\/sanexen.com\/fr\/wp-json\/wp\/v2\/webinar_category?post=11016"}],"curies":[{"name":"wp","href":"https:\/\/api.w.org\/{rel}","templated":true}]}}