{"id":24074,"date":"2026-09-02T11:15:38","date_gmt":"2026-09-02T15:15:38","guid":{"rendered":"https:\/\/sanexen.com\/?post_type=job&#038;p=24074"},"modified":"2026-09-02T11:15:39","modified_gmt":"2026-09-02T15:15:39","slug":"coordonnateur-trice-de-projets","status":"publish","type":"job","link":"https:\/\/sanexen.com\/fr\/job\/coordonnateur-trice-de-projets\/","title":{"rendered":"Coordonnateur.trice de projets"},"content":{"rendered":"\n<hr class=\"wp-block-separator has-alpha-channel-opacity is-style-wide\"\/>\n\n\n\n<p class=\"has-medium-font-size wp-block-paragraph\">Sanexen est \u00e0 la recherche d'un\u00b7e <strong>Coordonnateur.trice de projets <\/strong>pour ses bureaux de <strong>Brossard<\/strong>.<\/p>\n\n\n\n<p class=\"wp-block-paragraph\"><\/p>\n\n\n\n<h3 class=\"wp-block-heading\">Description de l'emploi<\/h3>\n\n\n\n<p class=\"wp-block-paragraph\"><\/p>\n\n\n\n<p class=\"wp-block-paragraph\">En tant que Coordonnateur.trice de projets en environnement, vous jouerez un r\u00f4le cl\u00e9 dans le soutien aux charg\u00e9s de projets et dans la coordination des diff\u00e9rentes activit\u00e9s li\u00e9es aux chantiers. Vous assurerez un suivi rigoureux des donn\u00e9es, des documents, des \u00e9ch\u00e9anciers et des informations provenant des chantiers, des sous-traitants et des \u00e9quipes internes, afin de contribuer \u00e0 la bonne r\u00e9alisation des projets.<\/p>\n\n\n\n<p class=\"wp-block-paragraph\">Sous la supervision du charg\u00e9 de projets responsable, vous agirez comme un point de liaison au sein de l\u2019\u00e9quipe de projet, en assurant une coordination structur\u00e9e des informations et des activit\u00e9s. Vous contribuerez au suivi des besoins op\u00e9rationnels, \u00e0 la pr\u00e9paration et \u00e0 la mise \u00e0 jour des documents de projet ainsi qu\u2019au respect des \u00e9ch\u00e9anciers et des exigences \u00e9tablies.<\/p>\n\n\n\n<p class=\"wp-block-paragraph\"><\/p>\n\n\n\n<h4 class=\"wp-block-heading has-vivid-green-cyan-color has-text-color has-link-color wp-elements-1\" style=\"text-transform:uppercase\"><strong>Principales responsabilit\u00e9s<\/strong><\/h4>\n\n\n\n<p class=\"wp-block-paragraph\"><\/p>\n\n\n\n<ul class=\"wp-block-list\">\n<li><strong>Collecte et suivi des donn\u00e9es de chantier<\/strong> \u2014 R\u00e9cup\u00e8re, classe et consigne l\u2019ensemble des donn\u00e9es provenant des chantiers (demandes d\u2019analyse en laboratoire, billets de pes\u00e9e, manifestes de transport, donn\u00e9es d\u2019arpentage, heures travaill\u00e9es, etc.) sous toutes leurs formes (tableaux Excel, rapports journaliers, syst\u00e8mes internes, etc.).<\/li>\n\n\n\n<li><strong>Gestion et pr\u00e9sentation des donn\u00e9es de chantier<\/strong> \u2014 Compile, structure et consolide les donn\u00e9es de projet afin que le charg\u00e9 de projets puisse les consulter, les analyser et les utiliser efficacement.<\/li>\n\n\n\n<li><strong>Suivi des co\u00fbts et facturation<\/strong> \u2014 Valide les co\u00fbts imput\u00e9s au projet selon les donn\u00e9es r\u00e9cup\u00e9r\u00e9es, participe au suivi des co\u00fbts et contribue \u00e0 la production de la facture en s\u2019assurant que les quantit\u00e9s factur\u00e9es concordent avec les donn\u00e9es du projet.<\/li>\n\n\n\n<li><strong>Participation aux livrables<\/strong> \u2014 Contribue \u00e0 la production de certains livrables de projet (toujours revus et approuv\u00e9s par le charg\u00e9 de projets responsable), notamment la compilation des r\u00e9sultats analytiques, les rapports de suivi et autres documents techniques ou administratifs.<\/li>\n\n\n\n<li><strong>Organisation et coordination des r\u00e9unions<\/strong> \u2014 Organise et pr\u00e9pare les r\u00e9unions (convocations, ordres du jour, comptes rendus) avec l\u2019\u00e9quipe de projet et\/ou les clients, et assure le suivi des actions et des informations d\u00e9coulant de ces rencontres.<\/li>\n\n\n\n<li><strong>Suivi et compilation des indicateurs de performance<\/strong> \u2014 Compile les indicateurs de performance et les mesures d'att\u00e9nuation identifi\u00e9es lors des analyses de risques (tant en pr\u00e9projet qu'en cours de projet), les compare aux objectifs \u00e9tablis et les pr\u00e9sente de fa\u00e7on structur\u00e9e afin de permettre au charg\u00e9 de projets responsable d'en assurer le suivi et la prise de d\u00e9cision.<\/li>\n\n\n\n<li><strong>Mise \u00e0 jour des syst\u00e8mes internes<\/strong> \u2014 Maintient \u00e0 jour les syst\u00e8mes internes de gestion de projet et les bases de donn\u00e9es de suivi.<\/li>\n\n\n\n<li><strong>Classification des documents techniques et administratifs<\/strong> \u2014 Compile, organise et classe l\u2019ensemble des documents techniques et administratifs li\u00e9s aux projets, en s\u2019assurant de leur compl\u00e9tude, de leur classement ad\u00e9quat et de leur accessibilit\u00e9 pour les membres de l\u2019\u00e9quipe de projet.<\/li>\n<\/ul>\n\n\n\n<p class=\"wp-block-paragraph\"><\/p>\n\n\n\n<h4 class=\"wp-block-heading has-vivid-green-cyan-color has-text-color has-link-color wp-elements-2\" style=\"text-transform:uppercase\"><strong>Qualifications requises<\/strong><\/h4>\n\n\n\n<p class=\"wp-block-paragraph\"><\/p>\n\n\n\n<p class=\"wp-block-paragraph\"><strong>Profil recherch\u00e9<\/strong><\/p>\n\n\n\n<ul class=\"wp-block-list\">\n<li>Formation en administration, gestion de projet, comptabilit\u00e9 ou dans un domaine connexe\u202f;<\/li>\n\n\n\n<li>Exp\u00e9rience pertinente en soutien administratif de projets (id\u00e9alement en environnement, construction ou industrie technique)\u202f;<\/li>\n\n\n\n<li>Bonne ma\u00eetrise des outils de gestion de projet et de la suite Microsoft Office (Excel, Word, Outlook)\u202f;<\/li>\n\n\n\n<li>Excellente capacit\u00e9 \u00e0 utiliser Excel pour la gestion, l\u2019analyse et le suivi de donn\u00e9es\u202f;<\/li>\n\n\n\n<li>Forte rigueur, sens de l\u2019organisation et souci du d\u00e9tail\u202f;<\/li>\n\n\n\n<li>Aisance et int\u00e9r\u00eat marqu\u00e9 pour l\u2019utilisation d\u2019outils d\u2019intelligence artificielle (IA) pour optimiser la gestion de donn\u00e9es et l\u2019efficacit\u00e9 administrative\u202f;<\/li>\n\n\n\n<li>Capacit\u00e9 \u00e0 g\u00e9rer plusieurs dossiers simultan\u00e9ment et \u00e0 respecter des \u00e9ch\u00e9anciers serr\u00e9s\u202f;<\/li>\n\n\n\n<li>Bonnes habilet\u00e9s de communication et esprit d\u2019\u00e9quipe.<\/li>\n<\/ul>\n\n\n\n<p class=\"wp-block-paragraph\"><\/p>\n\n\n\n<p class=\"wp-block-paragraph\"><strong>Atouts<\/strong><\/p>\n\n\n\n<ul class=\"wp-block-list\">\n<li>Connaissance du secteur environnemental ou des chantiers de construction;<\/li>\n\n\n\n<li>Exp\u00e9rience avec des syst\u00e8mes de gestion de projet ou ERP;<\/li>\n\n\n\n<li>Aisance avec le suivi budg\u00e9taire et la gestion contractuelle;<\/li>\n\n\n\n<li>Capacit\u00e9 \u00e0 lire et interpr\u00e9ter des documents techniques.<\/li>\n<\/ul>\n\n\n\n<p class=\"wp-block-paragraph\"><\/p>\n\n\n\n<p class=\"wp-block-paragraph\"><strong>Ma\u00eetrise du fran\u00e7ais et de l\u2019anglais :<\/strong>&nbsp;&nbsp;<br>Compte tenu de la diversit\u00e9 de notre \u00e9quipe et de la n\u00e9cessit\u00e9 de collaborer avec des clients et partenaires locaux, pancanadiens et internationaux, la capacit\u00e9 de comprendre et de s\u2019exprimer dans les deux langues est exig\u00e9e.&nbsp;<\/p>\n\n\n\n<p class=\"wp-block-paragraph\">Nous valorisons la&nbsp;<strong>diversit\u00e9<\/strong>&nbsp;et l\u2019<strong>inclusion<\/strong>, et nous nous engageons \u00e0 offrir un environnement de travail respectueux et \u00e9quitable pour tous.<\/p>\n\n\n\n<blockquote class=\"wp-block-quote is-layout-flow wp-block-quote-is-layout-flow\">\n<p class=\"wp-block-paragraph\"><em>Ce texte utilise le masculin g\u00e9n\u00e9rique pour faciliter la lecture; il inclut les termes masculins et f\u00e9minins dans le cadre de notre politique d\u2019inclusion.<\/em><\/p>\n<\/blockquote>\n\n\n\n<p class=\"wp-block-paragraph\"><\/p>\n\n\n\n<p class=\"wp-block-paragraph\">Choisir&nbsp;<strong>SANEXEN<\/strong>, c\u2019est :<\/p>\n\n\n\n<ul class=\"wp-block-list\">\n<li>Une r\u00e9mun\u00e9ration comp\u00e9titive;&nbsp;<\/li>\n\n\n\n<li>Des avantages sociaux qui r\u00e9pondent \u00e0 vos besoins;&nbsp;<\/li>\n\n\n\n<li>Des possibilit\u00e9s d\u2019\u00e9volution de carri\u00e8re et de d\u00e9veloppement professionnel;&nbsp;<\/li>\n\n\n\n<li>Des projets et des d\u00e9fis qui combinent notre ADN et votre passion;<\/li>\n\n\n\n<li>Un environnement stimulant o\u00f9 chacun travaille vers des objectifs communs.<\/li>\n<\/ul>\n\n\n\n<p class=\"wp-block-paragraph\"><\/p>\n\n\n\n<h3 class=\"wp-block-heading has-vivid-green-cyan-color has-text-color has-link-color has-medium-font-size wp-elements-3\">\u00c0 propos de SANEXEN<\/h3>\n\n\n\n<p class=\"wp-block-paragraph\"><\/p>\n\n\n\n<p class=\"wp-block-paragraph\"><strong>SANEXEN \u2013 Plus de 40 ans de solutions environnementales innovantes<\/strong><\/p>\n\n\n\n<p class=\"wp-block-paragraph\"><\/p>\n\n\n\n<p class=\"wp-block-paragraph\">Un chef de file en environnement en Am\u00e9rique du Nord, SANEXEN con\u00e7oit depuis plus de quatre d\u00e9cennies des solutions durables, sur mesure et \u00e0 la fine pointe de la technologie. Notre expertise couvre la r\u00e9habilitation de sites contamin\u00e9s, la gestion des mati\u00e8res r\u00e9glement\u00e9es, l\u2019analyse de risques, le dragage, la d\u00e9shydratation, le traitement des effluents industriels, l\u2019\u00e9limination des PFAS, et bien plus encore.<\/p>\n\n\n\n<p class=\"wp-block-paragraph\">Ce qui nous distingue? Nos \u00e9quipes multidisciplinaires d\u2019ing\u00e9nieurs, de scientifiques et de sp\u00e9cialistes passionn\u00e9s, qui repoussent les limites de l\u2019innovation pour relever les d\u00e9fis environnementaux les plus complexes dans les secteurs industriel, municipal et gouvernemental.<\/p>\n\n\n\n<p class=\"wp-block-paragraph\"><strong>Travailler chez SANEXEN, c\u2019est contribuer \u00e0 des projets porteurs de sens, dans un environnement o\u00f9 ton expertise est reconnue, ta voix entendue et ton d\u00e9veloppement soutenu.<\/strong> <\/p>\n\n\n\n<p class=\"wp-block-paragraph\">Ici, tu fais partie d\u2019une \u00e9quipe engag\u00e9e \u00e0 b\u00e2tir un avenir plus propre, plus s\u00fbr et plus durable \u2014 pour tous.<\/p>\n\n\n\n<p class=\"wp-block-paragraph\"><\/p>\n","protected":false},"featured_media":0,"template":"","job_category":[159,161],"job_region":[180],"job_type":[174],"work_mode":[176],"class_list":["post-24074","job","type-job","status-publish","hentry","job_category-administration","job_category-gestion-de-projets","job_region-brossard-qc-canada","job_type-temps-plein","work_mode-hybride"],"acf":[],"yoast_head":"<!-- This site is optimized with the Yoast SEO plugin v28.4 - https:\/\/yoast.com\/product\/yoast-seo-wordpress\/ -->\n<title>Coordonnateur.trice de projets | Carri\u00e8re chez SANEXEN<\/title>\n<meta name=\"description\" content=\"Sanexen est \u00e0 la recherche d&#039;un\u00b7e [titre du poste] pour ses bureaux de [lieu].\" \/>\n<meta name=\"robots\" content=\"index, follow, max-snippet:-1, max-image-preview:large, max-video-preview:-1\" \/>\n<link rel=\"canonical\" href=\"https:\/\/sanexen.com\/fr\/job\/coordonnateur-trice-de-projets\/\" \/>\n<meta property=\"og:locale\" content=\"fr_FR\" \/>\n<meta property=\"og:type\" content=\"article\" \/>\n<meta property=\"og:title\" content=\"Coordonnateur.trice de projets | Carri\u00e8re chez SANEXEN\" \/>\n<meta property=\"og:description\" content=\"Sanexen est \u00e0 la recherche d&#039;un\u00b7e [titre du poste] pour ses bureaux de [lieu].\" \/>\n<meta property=\"og:url\" content=\"https:\/\/sanexen.com\/fr\/job\/coordonnateur-trice-de-projets\/\" \/>\n<meta property=\"og:site_name\" content=\"SANEXEN\" \/>\n<meta property=\"article:publisher\" content=\"https:\/\/www.facebook.com\/sanexen.env\/\" \/>\n<meta property=\"article:modified_time\" content=\"2026-09-02T15:15:39+00:00\" \/>\n<meta property=\"og:image\" content=\"https:\/\/sanexen.com\/wp-content\/uploads\/2025\/11\/Site-default-image-for-post.png\" \/>\n\t<meta property=\"og:image:width\" content=\"1200\" \/>\n\t<meta property=\"og:image:height\" content=\"675\" \/>\n\t<meta property=\"og:image:type\" content=\"image\/png\" \/>\n<meta name=\"twitter:card\" content=\"summary_large_image\" \/>\n<meta name=\"twitter:site\" content=\"@sanexen_env\" \/>\n<meta name=\"twitter:label1\" content=\"Dur\u00e9e de lecture estim\u00e9e\" \/>\n\t<meta name=\"twitter:data1\" content=\"5 minutes\" \/>\n<script type=\"application\/ld+json\" class=\"yoast-schema-graph\">{\"@context\":\"https:\\\/\\\/schema.org\",\"@graph\":[{\"@type\":\"WebPage\",\"@id\":\"https:\\\/\\\/sanexen.com\\\/fr\\\/job\\\/coordonnateur-trice-de-projets\\\/\",\"url\":\"https:\\\/\\\/sanexen.com\\\/fr\\\/job\\\/coordonnateur-trice-de-projets\\\/\",\"name\":\"Coordonnateur.trice de projets | Carri\u00e8re chez SANEXEN\",\"isPartOf\":{\"@id\":\"https:\\\/\\\/sanexen.com\\\/fr\\\/#website\"},\"datePublished\":\"2026-09-02T15:15:38+00:00\",\"dateModified\":\"2026-09-02T15:15:39+00:00\",\"description\":\"Sanexen est \u00e0 la recherche d'un\u00b7e [titre du poste] pour ses bureaux de [lieu].\",\"breadcrumb\":{\"@id\":\"https:\\\/\\\/sanexen.com\\\/fr\\\/job\\\/coordonnateur-trice-de-projets\\\/#breadcrumb\"},\"inLanguage\":\"fr-FR\",\"potentialAction\":[{\"@type\":\"ReadAction\",\"target\":[\"https:\\\/\\\/sanexen.com\\\/fr\\\/job\\\/coordonnateur-trice-de-projets\\\/\"]}]},{\"@type\":\"BreadcrumbList\",\"@id\":\"https:\\\/\\\/sanexen.com\\\/fr\\\/job\\\/coordonnateur-trice-de-projets\\\/#breadcrumb\",\"itemListElement\":[{\"@type\":\"ListItem\",\"position\":1,\"name\":\"Home\",\"item\":\"https:\\\/\\\/sanexen.com\\\/fr\\\/home\\\/\"},{\"@type\":\"ListItem\",\"position\":2,\"name\":\"Jobs\",\"item\":\"https:\\\/\\\/sanexen.com\\\/fr\\\/job\\\/\"},{\"@type\":\"ListItem\",\"position\":3,\"name\":\"Coordonnateur.trice de projets\"}]},{\"@type\":\"WebSite\",\"@id\":\"https:\\\/\\\/sanexen.com\\\/fr\\\/#website\",\"url\":\"https:\\\/\\\/sanexen.com\\\/fr\\\/\",\"name\":\"SANEXEN\",\"description\":\"Driving innovation in environmental, water, climate change and circular economy solutions.\",\"publisher\":{\"@id\":\"https:\\\/\\\/sanexen.com\\\/fr\\\/#organization\"},\"alternateName\":\"Sanexen Services environnementaux\",\"potentialAction\":[{\"@type\":\"SearchAction\",\"target\":{\"@type\":\"EntryPoint\",\"urlTemplate\":\"https:\\\/\\\/sanexen.com\\\/fr\\\/?s={search_term_string}\"},\"query-input\":{\"@type\":\"PropertyValueSpecification\",\"valueRequired\":true,\"valueName\":\"search_term_string\"}}],\"inLanguage\":\"fr-FR\"},{\"@type\":\"Organization\",\"@id\":\"https:\\\/\\\/sanexen.com\\\/fr\\\/#organization\",\"name\":\"SANEXEN\",\"alternateName\":\"SANEXEN Services environnementaux\",\"url\":\"https:\\\/\\\/sanexen.com\\\/fr\\\/\",\"logo\":{\"@type\":\"ImageObject\",\"inLanguage\":\"fr-FR\",\"@id\":\"https:\\\/\\\/sanexen.com\\\/fr\\\/#\\\/schema\\\/logo\\\/image\\\/\",\"url\":\"https:\\\/\\\/sanexen.com\\\/wp-content\\\/uploads\\\/2025\\\/11\\\/SNX-logo-696X696.png\",\"contentUrl\":\"https:\\\/\\\/sanexen.com\\\/wp-content\\\/uploads\\\/2025\\\/11\\\/SNX-logo-696X696.png\",\"width\":696,\"height\":696,\"caption\":\"SANEXEN\"},\"image\":{\"@id\":\"https:\\\/\\\/sanexen.com\\\/fr\\\/#\\\/schema\\\/logo\\\/image\\\/\"},\"sameAs\":[\"https:\\\/\\\/www.facebook.com\\\/sanexen.env\\\/\",\"https:\\\/\\\/x.com\\\/sanexen_env\",\"https:\\\/\\\/www.linkedin.com\\\/company\\\/sanexen-env\",\"https:\\\/\\\/www.youtube.com\\\/@sanexen-env\"]}]}<\/script>\n<!-- \/ Yoast SEO plugin. -->","yoast_head_json":{"title":"Coordonnateur.trice de projets | Carri\u00e8re chez SANEXEN","description":"Sanexen est \u00e0 la recherche d'un\u00b7e [titre du poste] pour ses bureaux de [lieu].","robots":{"index":"index","follow":"follow","max-snippet":"max-snippet:-1","max-image-preview":"max-image-preview:large","max-video-preview":"max-video-preview:-1"},"canonical":"https:\/\/sanexen.com\/fr\/job\/coordonnateur-trice-de-projets\/","og_locale":"fr_FR","og_type":"article","og_title":"Coordonnateur.trice de projets | Carri\u00e8re chez SANEXEN","og_description":"Sanexen est \u00e0 la recherche d'un\u00b7e [titre du poste] pour ses bureaux de [lieu].","og_url":"https:\/\/sanexen.com\/fr\/job\/coordonnateur-trice-de-projets\/","og_site_name":"SANEXEN","article_publisher":"https:\/\/www.facebook.com\/sanexen.env\/","article_modified_time":"2026-09-02T15:15:39+00:00","og_image":[{"width":1200,"height":675,"url":"https:\/\/sanexen.com\/wp-content\/uploads\/2025\/11\/Site-default-image-for-post.png","type":"image\/png"}],"twitter_card":"summary_large_image","twitter_site":"@sanexen_env","twitter_misc":{"Dur\u00e9e de lecture estim\u00e9e":"5 minutes"},"schema":{"@context":"https:\/\/schema.org","@graph":[{"@type":"WebPage","@id":"https:\/\/sanexen.com\/fr\/job\/coordonnateur-trice-de-projets\/","url":"https:\/\/sanexen.com\/fr\/job\/coordonnateur-trice-de-projets\/","name":"Coordonnateur.trice de projets | Carri\u00e8re chez SANEXEN","isPartOf":{"@id":"https:\/\/sanexen.com\/fr\/#website"},"datePublished":"2026-09-02T15:15:38+00:00","dateModified":"2026-09-02T15:15:39+00:00","description":"Sanexen est \u00e0 la recherche d'un\u00b7e [titre du poste] pour ses bureaux de [lieu].","breadcrumb":{"@id":"https:\/\/sanexen.com\/fr\/job\/coordonnateur-trice-de-projets\/#breadcrumb"},"inLanguage":"fr-FR","potentialAction":[{"@type":"ReadAction","target":["https:\/\/sanexen.com\/fr\/job\/coordonnateur-trice-de-projets\/"]}]},{"@type":"BreadcrumbList","@id":"https:\/\/sanexen.com\/fr\/job\/coordonnateur-trice-de-projets\/#breadcrumb","itemListElement":[{"@type":"ListItem","position":1,"name":"Home","item":"https:\/\/sanexen.com\/fr\/home\/"},{"@type":"ListItem","position":2,"name":"Jobs","item":"https:\/\/sanexen.com\/fr\/job\/"},{"@type":"ListItem","position":3,"name":"Coordonnateur.trice de projets"}]},{"@type":"WebSite","@id":"https:\/\/sanexen.com\/fr\/#website","url":"https:\/\/sanexen.com\/fr\/","name":"SANEXEN","description":"Driving innovation in environmental, water, climate change and circular economy solutions.","publisher":{"@id":"https:\/\/sanexen.com\/fr\/#organization"},"alternateName":"Sanexen Services environnementaux","potentialAction":[{"@type":"SearchAction","target":{"@type":"EntryPoint","urlTemplate":"https:\/\/sanexen.com\/fr\/?s={search_term_string}"},"query-input":{"@type":"PropertyValueSpecification","valueRequired":true,"valueName":"search_term_string"}}],"inLanguage":"fr-FR"},{"@type":"Organization","@id":"https:\/\/sanexen.com\/fr\/#organization","name":"SANEXEN","alternateName":"SANEXEN Services environnementaux","url":"https:\/\/sanexen.com\/fr\/","logo":{"@type":"ImageObject","inLanguage":"fr-FR","@id":"https:\/\/sanexen.com\/fr\/#\/schema\/logo\/image\/","url":"https:\/\/sanexen.com\/wp-content\/uploads\/2025\/11\/SNX-logo-696X696.png","contentUrl":"https:\/\/sanexen.com\/wp-content\/uploads\/2025\/11\/SNX-logo-696X696.png","width":696,"height":696,"caption":"SANEXEN"},"image":{"@id":"https:\/\/sanexen.com\/fr\/#\/schema\/logo\/image\/"},"sameAs":["https:\/\/www.facebook.com\/sanexen.env\/","https:\/\/x.com\/sanexen_env","https:\/\/www.linkedin.com\/company\/sanexen-env","https:\/\/www.youtube.com\/@sanexen-env"]}]}},"_links":{"self":[{"href":"https:\/\/sanexen.com\/fr\/wp-json\/wp\/v2\/job\/24074","targetHints":{"allow":["GET"]}}],"collection":[{"href":"https:\/\/sanexen.com\/fr\/wp-json\/wp\/v2\/job"}],"about":[{"href":"https:\/\/sanexen.com\/fr\/wp-json\/wp\/v2\/types\/job"}],"version-history":[{"count":1,"href":"https:\/\/sanexen.com\/fr\/wp-json\/wp\/v2\/job\/24074\/revisions"}],"predecessor-version":[{"id":24076,"href":"https:\/\/sanexen.com\/fr\/wp-json\/wp\/v2\/job\/24074\/revisions\/24076"}],"wp:attachment":[{"href":"https:\/\/sanexen.com\/fr\/wp-json\/wp\/v2\/media?parent=24074"}],"wp:term":[{"taxonomy":"job_category","embeddable":true,"href":"https:\/\/sanexen.com\/fr\/wp-json\/wp\/v2\/job_category?post=24074"},{"taxonomy":"job_region","embeddable":true,"href":"https:\/\/sanexen.com\/fr\/wp-json\/wp\/v2\/job_region?post=24074"},{"taxonomy":"job_type","embeddable":true,"href":"https:\/\/sanexen.com\/fr\/wp-json\/wp\/v2\/job_type?post=24074"},{"taxonomy":"work_mode","embeddable":true,"href":"https:\/\/sanexen.com\/fr\/wp-json\/wp\/v2\/work_mode?post=24074"}],"curies":[{"name":"wp","href":"https:\/\/api.w.org\/{rel}","templated":true}]}}