{"id":23921,"date":"2026-08-31T10:09:07","date_gmt":"2026-08-31T14:09:07","guid":{"rendered":"https:\/\/sanexen.com\/?post_type=job&#038;p=23921"},"modified":"2026-08-31T13:04:09","modified_gmt":"2026-08-31T17:04:09","slug":"analyste-financier-ere-principal-e-fpa","status":"publish","type":"job","link":"https:\/\/sanexen.com\/fr\/job\/analyste-financier-ere-principal-e-fpa\/","title":{"rendered":"Analyste financier.\u00e8re principal.e, M&amp;A"},"content":{"rendered":"\n<hr class=\"wp-block-separator has-alpha-channel-opacity is-style-wide\"\/>\n\n\n\n<p class=\"has-medium-font-size wp-block-paragraph\">Sanexen est \u00e0 la recherche d'un\u00b7e <strong>Analyste financier.\u00e8re principal.e, M&amp;A <\/strong>pour ses bureaux de <strong>Brossard<\/strong>.<\/p>\n\n\n\n<p class=\"wp-block-paragraph\"><\/p>\n\n\n\n<h3 class=\"wp-block-heading\">Description de l'emploi<\/h3>\n\n\n\n<p class=\"wp-block-paragraph\"><\/p>\n\n\n\n<p class=\"wp-block-paragraph\">Relevant du directeur principal, M&amp;A et Tr\u00e9sorerie, l\u2019analyste financier.\u00e8re principal.e joue un r\u00f4le cl\u00e9 dans le cycle de production des rapports financiers mensuels, la mod\u00e9lisation financi\u00e8re et les activit\u00e9s de pr\u00e9vision de tr\u00e9sorerie de Sanexen. En tant que membre cl\u00e9 de l\u2019\u00e9quipe des Finances, la personne titulaire du poste produit de l\u2019information financi\u00e8re fiable, pertinente et en temps opportun afin de soutenir la prise de d\u00e9cision de l\u2019\u00e9quipe de direction. Elle contribue \u00e9galement \u00e0 l\u2019am\u00e9lioration continue et \u00e0 la modernisation des processus de production de rapports, de planification et de pr\u00e9vision financi\u00e8re.<\/p>\n\n\n\n<p class=\"wp-block-paragraph\"><\/p>\n\n\n\n<h4 class=\"wp-block-heading has-vivid-green-cyan-color has-text-color has-link-color wp-elements-1\" style=\"text-transform:uppercase\"><strong>Principales responsabilit\u00e9s<\/strong><\/h4>\n\n\n\n<p class=\"wp-block-paragraph\"><\/p>\n\n\n\n<p class=\"wp-block-paragraph\"><strong>Rapports financiers<\/strong><\/p>\n\n\n\n<ul class=\"wp-block-list\">\n<li>Pr\u00e9parer et analyser les rapports mensuels sur la performance financi\u00e8re, incluant l\u2019analyse des \u00e9carts par rapport au budget, aux pr\u00e9visions et \u00e0 l\u2019exercice pr\u00e9c\u00e9dent.<\/li>\n\n\n\n<li>Jouer un r\u00f4le cl\u00e9 dans le processus de cl\u00f4ture mensuelle et coordonner les informations provenant des op\u00e9rations et de la comptabilit\u00e9 afin de respecter les \u00e9ch\u00e9anciers de production des rapports.<\/li>\n\n\n\n<li>Maintenir, am\u00e9liorer et optimiser les mod\u00e8les de rapports dans Excel, Office Connect et Workday Adaptive Insights.<\/li>\n\n\n\n<li>Fournir des analyses et des recommandations permettant \u00e0 la direction de mieux comprendre la performance financi\u00e8re et op\u00e9rationnelle.<\/li>\n<\/ul>\n\n\n\n<p class=\"wp-block-paragraph\"><strong>Mod\u00e9lisation financi\u00e8re<\/strong><\/p>\n\n\n\n<ul class=\"wp-block-list\">\n<li>\u00c9laborer, maintenir et am\u00e9liorer des mod\u00e8les financiers complexes soutenant les rapports de gestion, les analyses de fusions et acquisitions (F&amp;A), l\u2019\u00e9valuation des d\u00e9penses en immobilisations (Capex) et le plan de cr\u00e9ation de valeur (VCP).<\/li>\n\n\n\n<li>Documenter la logique des mod\u00e8les, les hypoth\u00e8ses et les sources de donn\u00e9es, et assurer leur int\u00e9grit\u00e9 au moyen de contr\u00f4les de validation structur\u00e9s.<\/li>\n\n\n\n<li>R\u00e9aliser des analyses de sc\u00e9narios et de sensibilit\u00e9 afin de soutenir les dossiers d\u2019affaires et les d\u00e9cisions d\u2019investissement.<\/li>\n\n\n\n<li>Agir comme personne-ressource en mati\u00e8re de mod\u00e9lisation financi\u00e8re au sein de l\u2019\u00e9quipe des Finances.<\/li>\n<\/ul>\n\n\n\n<p class=\"wp-block-paragraph\"><strong>Pr\u00e9visions financi\u00e8res<\/strong><\/p>\n\n\n\n<ul class=\"wp-block-list\">\n<li>Pr\u00e9parer et analyser les pr\u00e9visions de flux de tr\u00e9sorerie et de position de tr\u00e9sorerie ainsi que les rapports connexes destin\u00e9s \u00e0 la direction.<\/li>\n\n\n\n<li>Suivre la performance r\u00e9elle de la tr\u00e9sorerie par rapport aux pr\u00e9visions, analyser les principaux \u00e9carts et formuler des recommandations.<\/li>\n\n\n\n<li>Jouer un r\u00f4le cl\u00e9 dans le processus budg\u00e9taire annuel et les exercices p\u00e9riodiques de r\u00e9vision des pr\u00e9visions.<\/li>\n\n\n\n<li>Agir \u00e0 titre de rel\u00e8ve aupr\u00e8s de l\u2019analyste principal, Tr\u00e9sorerie, pour les activit\u00e9s de gestion de tr\u00e9sorerie, afin d\u2019assurer la continuit\u00e9 des activit\u00e9s quotidiennes durant les absences.<\/li>\n<\/ul>\n\n\n\n<p class=\"wp-block-paragraph\"><strong>Pr\u00e9sentations<\/strong><\/p>\n\n\n\n<ul class=\"wp-block-list\">\n<li>Pr\u00e9parer des pr\u00e9sentations portant sur les r\u00e9sultats financiers, les pr\u00e9visions et les analyses destin\u00e9es \u00e0 l\u2019\u00e9quipe de direction et au conseil d\u2019administration.<\/li>\n\n\n\n<li>Pr\u00e9senter et expliquer les r\u00e9sultats, analyses et recommandations aupr\u00e8s de l\u2019\u00e9quipe de direction.<\/li>\n\n\n\n<li>Transformer des donn\u00e9es financi\u00e8res complexes en informations claires et pertinentes pour soutenir la prise de d\u00e9cision.<\/li>\n<\/ul>\n\n\n\n<p class=\"wp-block-paragraph\"><strong>Autres responsabilit\u00e9s<\/strong><\/p>\n\n\n\n<ul class=\"wp-block-list\">\n<li>R\u00e9aliser des analyses financi\u00e8res ponctuelles afin de soutenir le directeur principal, M&amp;A et Tr\u00e9sorerie, ainsi que l\u2019ensemble de l\u2019\u00e9quipe des Finances.<\/li>\n\n\n\n<li>Identifier de fa\u00e7on proactive les occasions d\u2019automatiser, de simplifier et d\u2019am\u00e9liorer les processus r\u00e9currents de production de rapports et de pr\u00e9visions.<\/li>\n\n\n\n<li>Participer \u00e0 l\u2019am\u00e9lioration continue des outils, processus et pratiques de M&amp;A.<\/li>\n\n\n\n<li>Collaborer avec les \u00e9quipes des Finances, des Op\u00e9rations et les autres parties prenantes afin d\u2019assurer la qualit\u00e9 et la coh\u00e9rence de l\u2019information financi\u00e8re.<\/li>\n\n\n\n<li>Assurer la confidentialit\u00e9 et l\u2019exactitude de toute l\u2019information financi\u00e8re trait\u00e9e.<\/li>\n<\/ul>\n\n\n\n<h4 class=\"wp-block-heading has-vivid-green-cyan-color has-text-color has-link-color wp-elements-2\" style=\"text-transform:uppercase\"><strong>Qualifications requises<\/strong><\/h4>\n\n\n\n<p class=\"wp-block-paragraph\"><\/p>\n\n\n\n<p class=\"wp-block-paragraph\"><strong>Profil recherch\u00e9<\/strong><\/p>\n\n\n\n<ul class=\"wp-block-list\">\n<li>Dipl\u00f4me universitaire de premier cycle en commerce, finance, comptabilit\u00e9 ou dans un domaine connexe.<\/li>\n\n\n\n<li>4 \u00e0 6 ann\u00e9es d\u2019exp\u00e9rience pertinente en analyse financi\u00e8re, M&amp;A, mod\u00e9lisation financi\u00e8re ou dans une fonction similaire.<\/li>\n\n\n\n<li>Bilinguisme fran\u00e7ais et anglais.<\/li>\n\n\n\n<li>Ma\u00eetrise avanc\u00e9e d\u2019Excel, notamment en conception de mod\u00e8les financiers et en analyse financi\u00e8re.<\/li>\n\n\n\n<li>Solides comp\u00e9tences en mod\u00e9lisation financi\u00e8re et capacit\u00e9 \u00e0 transformer des informations financi\u00e8res complexes en recommandations claires et concr\u00e8tes.<\/li>\n\n\n\n<li>Excellente rigueur analytique, souci du d\u00e9tail et capacit\u00e9 \u00e0 g\u00e9rer plusieurs priorit\u00e9s et \u00e9ch\u00e9anciers.<\/li>\n\n\n\n<li>Excellentes aptitudes en communication \u00e9crite et verbale et bon jugement professionnel dans le traitement d\u2019informations confidentielles.<\/li>\n\n\n\n<li>Proactivit\u00e9, autonomie et capacit\u00e9 \u00e0 prendre des initiatives afin d\u2019identifier et de mettre en \u0153uvre des am\u00e9liorations.<\/li>\n\n\n\n<li>Capacit\u00e9 \u00e0 travailler de fa\u00e7on collaborative et \u00e0 agir comme personne-ressource aupr\u00e8s de coll\u00e8gues et de partenaires internes.<\/li>\n\n\n\n<li>Ouverture d\u2019esprit, flexibilit\u00e9 et int\u00e9r\u00eat marqu\u00e9 pour l\u2019apprentissage.<\/li>\n\n\n\n<li>Disponibilit\u00e9 pour effectuer des d\u00e9placements occasionnels (environ 10 %).<\/li>\n<\/ul>\n\n\n\n<p class=\"wp-block-paragraph\"><\/p>\n\n\n\n<p class=\"wp-block-paragraph\"><strong>Atouts<\/strong><\/p>\n\n\n\n<ul class=\"wp-block-list\">\n<li>Titre de CPA ou FPAC ou toute autre certification pertinente, ou d\u00e9marche en cours pour l'obtention d'un tel titre.<\/li>\n\n\n\n<li>Exp\u00e9rience dans un environnement corporatif ou ax\u00e9 sur les projets, particuli\u00e8rement aupr\u00e8s de parties prenantes en capital-investissement.<\/li>\n\n\n\n<li>Exp\u00e9rience avec Workday Adaptive Insights, Office Connect ou un outil EPM similaire, ainsi qu\u2019avec D365 (Microsoft Dynamics 365).<\/li>\n\n\n\n<li>Excellente ma\u00eetrise de PowerPoint, notamment pour la pr\u00e9paration de pr\u00e9sentations destin\u00e9es \u00e0 la direction et de dossiers d\u2019affaires.<\/li>\n\n\n\n<li>Connaissance des outils d\u2019intelligence artificielle appliqu\u00e9s \u00e0 l\u2019analyse financi\u00e8re et \u00e0 la production de rapports.<\/li>\n<\/ul>\n\n\n\n<p class=\"wp-block-paragraph\"><\/p>\n\n\n\n<p class=\"wp-block-paragraph\"><strong>Ma\u00eetrise du fran\u00e7ais et de l\u2019anglais :<\/strong>&nbsp;&nbsp;<br>Compte tenu de la diversit\u00e9 de notre \u00e9quipe et de la n\u00e9cessit\u00e9 de collaborer avec des clients et partenaires locaux, pancanadiens et internationaux, la capacit\u00e9 de comprendre et de s\u2019exprimer dans les deux langues est exig\u00e9e.&nbsp;<\/p>\n\n\n\n<p class=\"wp-block-paragraph\">Nous valorisons la&nbsp;<strong>diversit\u00e9<\/strong>&nbsp;et l\u2019<strong>inclusion<\/strong>, et nous nous engageons \u00e0 offrir un environnement de travail respectueux et \u00e9quitable pour tous.<\/p>\n\n\n\n<blockquote class=\"wp-block-quote is-layout-flow wp-block-quote-is-layout-flow\">\n<p class=\"wp-block-paragraph\"><em>Ce texte utilise le masculin g\u00e9n\u00e9rique pour faciliter la lecture; il inclut les termes masculins et f\u00e9minins dans le cadre de notre politique d\u2019inclusion.<\/em><\/p>\n<\/blockquote>\n\n\n\n<p class=\"wp-block-paragraph\"><\/p>\n\n\n\n<p class=\"wp-block-paragraph\">Choisir&nbsp;<strong>SANEXEN<\/strong>, c\u2019est :<\/p>\n\n\n\n<ul class=\"wp-block-list\">\n<li>Une r\u00e9mun\u00e9ration comp\u00e9titive;&nbsp;<\/li>\n\n\n\n<li>Des avantages sociaux qui r\u00e9pondent \u00e0 vos besoins;&nbsp;<\/li>\n\n\n\n<li>Des possibilit\u00e9s d\u2019\u00e9volution de carri\u00e8re et de d\u00e9veloppement professionnel;&nbsp;<\/li>\n\n\n\n<li>Des projets et des d\u00e9fis qui combinent notre ADN et votre passion;<\/li>\n\n\n\n<li>Un environnement stimulant o\u00f9 chacun travaille vers des objectifs communs.<\/li>\n<\/ul>\n\n\n\n<p class=\"wp-block-paragraph\"><\/p>\n\n\n\n<h3 class=\"wp-block-heading has-vivid-green-cyan-color has-text-color has-link-color has-medium-font-size wp-elements-3\">\u00c0 propos de SANEXEN<\/h3>\n\n\n\n<p class=\"wp-block-paragraph\"><\/p>\n\n\n\n<p class=\"wp-block-paragraph\"><strong>SANEXEN \u2013 Plus de 40 ans de solutions environnementales innovantes<\/strong><\/p>\n\n\n\n<p class=\"wp-block-paragraph\"><\/p>\n\n\n\n<p class=\"wp-block-paragraph\">Un chef de file en environnement en Am\u00e9rique du Nord, SANEXEN con\u00e7oit depuis plus de quatre d\u00e9cennies des solutions durables, sur mesure et \u00e0 la fine pointe de la technologie. Notre expertise couvre la r\u00e9habilitation de sites contamin\u00e9s, la gestion des mati\u00e8res r\u00e9glement\u00e9es, l\u2019analyse de risques, le dragage, la d\u00e9shydratation, le traitement des effluents industriels, l\u2019\u00e9limination des PFAS, et bien plus encore.<\/p>\n\n\n\n<p class=\"wp-block-paragraph\">Ce qui nous distingue? Nos \u00e9quipes multidisciplinaires d\u2019ing\u00e9nieurs, de scientifiques et de sp\u00e9cialistes passionn\u00e9s, qui repoussent les limites de l\u2019innovation pour relever les d\u00e9fis environnementaux les plus complexes dans les secteurs industriel, municipal et gouvernemental.<\/p>\n\n\n\n<p class=\"wp-block-paragraph\"><strong>Travailler chez SANEXEN, c\u2019est contribuer \u00e0 des projets porteurs de sens, dans un environnement o\u00f9 ton expertise est reconnue, ta voix entendue et ton d\u00e9veloppement soutenu.<\/strong> <\/p>\n\n\n\n<p class=\"wp-block-paragraph\">Ici, tu fais partie d\u2019une \u00e9quipe engag\u00e9e \u00e0 b\u00e2tir un avenir plus propre, plus s\u00fbr et plus durable \u2014 pour tous.<\/p>\n\n\n\n<p class=\"wp-block-paragraph\"><\/p>\n","protected":false},"featured_media":0,"template":"","job_category":[160],"job_region":[180],"job_type":[174],"work_mode":[176],"class_list":["post-23921","job","type-job","status-publish","hentry","job_category-finances","job_region-brossard-qc-canada","job_type-temps-plein","work_mode-hybride"],"acf":[],"yoast_head":"<!-- This site is optimized with the Yoast SEO plugin v28.4 - https:\/\/yoast.com\/product\/yoast-seo-wordpress\/ -->\n<title>Analyste financier.\u00e8re principal.e, M&amp;A | Carri\u00e8re chez SANEXEN<\/title>\n<meta name=\"description\" content=\"Sanexen est \u00e0 la recherche d&#039;un\u00b7e [titre du poste] pour ses bureaux de [lieu].\" \/>\n<meta name=\"robots\" content=\"index, follow, max-snippet:-1, max-image-preview:large, max-video-preview:-1\" \/>\n<link rel=\"canonical\" href=\"https:\/\/sanexen.com\/fr\/job\/analyste-financier-ere-principal-e-fpa\/\" \/>\n<meta property=\"og:locale\" content=\"fr_FR\" \/>\n<meta property=\"og:type\" content=\"article\" \/>\n<meta property=\"og:title\" content=\"Analyste financier.\u00e8re principal.e, M&amp;A | Carri\u00e8re chez SANEXEN\" \/>\n<meta property=\"og:description\" content=\"Sanexen est \u00e0 la recherche d&#039;un\u00b7e [titre du poste] pour ses bureaux de [lieu].\" \/>\n<meta property=\"og:url\" content=\"https:\/\/sanexen.com\/fr\/job\/analyste-financier-ere-principal-e-fpa\/\" \/>\n<meta property=\"og:site_name\" content=\"SANEXEN\" \/>\n<meta property=\"article:publisher\" content=\"https:\/\/www.facebook.com\/sanexen.env\/\" \/>\n<meta property=\"article:modified_time\" content=\"2026-08-31T17:04:09+00:00\" \/>\n<meta property=\"og:image\" content=\"https:\/\/sanexen.com\/wp-content\/uploads\/2025\/11\/Site-default-image-for-post.png\" \/>\n\t<meta property=\"og:image:width\" content=\"1200\" \/>\n\t<meta property=\"og:image:height\" content=\"675\" \/>\n\t<meta property=\"og:image:type\" content=\"image\/png\" \/>\n<meta name=\"twitter:card\" content=\"summary_large_image\" \/>\n<meta name=\"twitter:site\" content=\"@sanexen_env\" \/>\n<meta name=\"twitter:label1\" content=\"Dur\u00e9e de lecture estim\u00e9e\" \/>\n\t<meta name=\"twitter:data1\" content=\"6 minutes\" \/>\n<script type=\"application\/ld+json\" class=\"yoast-schema-graph\">{\"@context\":\"https:\\\/\\\/schema.org\",\"@graph\":[{\"@type\":\"WebPage\",\"@id\":\"https:\\\/\\\/sanexen.com\\\/fr\\\/job\\\/analyste-financier-ere-principal-e-fpa\\\/\",\"url\":\"https:\\\/\\\/sanexen.com\\\/fr\\\/job\\\/analyste-financier-ere-principal-e-fpa\\\/\",\"name\":\"Analyste financier.\u00e8re principal.e, M&amp;A | Carri\u00e8re chez SANEXEN\",\"isPartOf\":{\"@id\":\"https:\\\/\\\/sanexen.com\\\/fr\\\/#website\"},\"datePublished\":\"2026-08-31T14:09:07+00:00\",\"dateModified\":\"2026-08-31T17:04:09+00:00\",\"description\":\"Sanexen est \u00e0 la recherche d'un\u00b7e [titre du poste] pour ses bureaux de [lieu].\",\"breadcrumb\":{\"@id\":\"https:\\\/\\\/sanexen.com\\\/fr\\\/job\\\/analyste-financier-ere-principal-e-fpa\\\/#breadcrumb\"},\"inLanguage\":\"fr-FR\",\"potentialAction\":[{\"@type\":\"ReadAction\",\"target\":[\"https:\\\/\\\/sanexen.com\\\/fr\\\/job\\\/analyste-financier-ere-principal-e-fpa\\\/\"]}]},{\"@type\":\"BreadcrumbList\",\"@id\":\"https:\\\/\\\/sanexen.com\\\/fr\\\/job\\\/analyste-financier-ere-principal-e-fpa\\\/#breadcrumb\",\"itemListElement\":[{\"@type\":\"ListItem\",\"position\":1,\"name\":\"Home\",\"item\":\"https:\\\/\\\/sanexen.com\\\/fr\\\/home\\\/\"},{\"@type\":\"ListItem\",\"position\":2,\"name\":\"Jobs\",\"item\":\"https:\\\/\\\/sanexen.com\\\/fr\\\/job\\\/\"},{\"@type\":\"ListItem\",\"position\":3,\"name\":\"Analyste financier.\u00e8re principal.e, M&amp;A\"}]},{\"@type\":\"WebSite\",\"@id\":\"https:\\\/\\\/sanexen.com\\\/fr\\\/#website\",\"url\":\"https:\\\/\\\/sanexen.com\\\/fr\\\/\",\"name\":\"SANEXEN\",\"description\":\"Driving innovation in environmental, water, climate change and circular economy solutions.\",\"publisher\":{\"@id\":\"https:\\\/\\\/sanexen.com\\\/fr\\\/#organization\"},\"alternateName\":\"Sanexen Services environnementaux\",\"potentialAction\":[{\"@type\":\"SearchAction\",\"target\":{\"@type\":\"EntryPoint\",\"urlTemplate\":\"https:\\\/\\\/sanexen.com\\\/fr\\\/?s={search_term_string}\"},\"query-input\":{\"@type\":\"PropertyValueSpecification\",\"valueRequired\":true,\"valueName\":\"search_term_string\"}}],\"inLanguage\":\"fr-FR\"},{\"@type\":\"Organization\",\"@id\":\"https:\\\/\\\/sanexen.com\\\/fr\\\/#organization\",\"name\":\"SANEXEN\",\"alternateName\":\"SANEXEN Services environnementaux\",\"url\":\"https:\\\/\\\/sanexen.com\\\/fr\\\/\",\"logo\":{\"@type\":\"ImageObject\",\"inLanguage\":\"fr-FR\",\"@id\":\"https:\\\/\\\/sanexen.com\\\/fr\\\/#\\\/schema\\\/logo\\\/image\\\/\",\"url\":\"https:\\\/\\\/sanexen.com\\\/wp-content\\\/uploads\\\/2025\\\/11\\\/SNX-logo-696X696.png\",\"contentUrl\":\"https:\\\/\\\/sanexen.com\\\/wp-content\\\/uploads\\\/2025\\\/11\\\/SNX-logo-696X696.png\",\"width\":696,\"height\":696,\"caption\":\"SANEXEN\"},\"image\":{\"@id\":\"https:\\\/\\\/sanexen.com\\\/fr\\\/#\\\/schema\\\/logo\\\/image\\\/\"},\"sameAs\":[\"https:\\\/\\\/www.facebook.com\\\/sanexen.env\\\/\",\"https:\\\/\\\/x.com\\\/sanexen_env\",\"https:\\\/\\\/www.linkedin.com\\\/company\\\/sanexen-env\",\"https:\\\/\\\/www.youtube.com\\\/@sanexen-env\"]}]}<\/script>\n<!-- \/ Yoast SEO plugin. -->","yoast_head_json":{"title":"Analyste financier.\u00e8re principal.e, M&amp;A | Carri\u00e8re chez SANEXEN","description":"Sanexen est \u00e0 la recherche d'un\u00b7e [titre du poste] pour ses bureaux de [lieu].","robots":{"index":"index","follow":"follow","max-snippet":"max-snippet:-1","max-image-preview":"max-image-preview:large","max-video-preview":"max-video-preview:-1"},"canonical":"https:\/\/sanexen.com\/fr\/job\/analyste-financier-ere-principal-e-fpa\/","og_locale":"fr_FR","og_type":"article","og_title":"Analyste financier.\u00e8re principal.e, M&amp;A | Carri\u00e8re chez SANEXEN","og_description":"Sanexen est \u00e0 la recherche d'un\u00b7e [titre du poste] pour ses bureaux de [lieu].","og_url":"https:\/\/sanexen.com\/fr\/job\/analyste-financier-ere-principal-e-fpa\/","og_site_name":"SANEXEN","article_publisher":"https:\/\/www.facebook.com\/sanexen.env\/","article_modified_time":"2026-08-31T17:04:09+00:00","og_image":[{"width":1200,"height":675,"url":"https:\/\/sanexen.com\/wp-content\/uploads\/2025\/11\/Site-default-image-for-post.png","type":"image\/png"}],"twitter_card":"summary_large_image","twitter_site":"@sanexen_env","twitter_misc":{"Dur\u00e9e de lecture estim\u00e9e":"6 minutes"},"schema":{"@context":"https:\/\/schema.org","@graph":[{"@type":"WebPage","@id":"https:\/\/sanexen.com\/fr\/job\/analyste-financier-ere-principal-e-fpa\/","url":"https:\/\/sanexen.com\/fr\/job\/analyste-financier-ere-principal-e-fpa\/","name":"Analyste financier.\u00e8re principal.e, M&amp;A | Carri\u00e8re chez SANEXEN","isPartOf":{"@id":"https:\/\/sanexen.com\/fr\/#website"},"datePublished":"2026-08-31T14:09:07+00:00","dateModified":"2026-08-31T17:04:09+00:00","description":"Sanexen est \u00e0 la recherche d'un\u00b7e [titre du poste] pour ses bureaux de [lieu].","breadcrumb":{"@id":"https:\/\/sanexen.com\/fr\/job\/analyste-financier-ere-principal-e-fpa\/#breadcrumb"},"inLanguage":"fr-FR","potentialAction":[{"@type":"ReadAction","target":["https:\/\/sanexen.com\/fr\/job\/analyste-financier-ere-principal-e-fpa\/"]}]},{"@type":"BreadcrumbList","@id":"https:\/\/sanexen.com\/fr\/job\/analyste-financier-ere-principal-e-fpa\/#breadcrumb","itemListElement":[{"@type":"ListItem","position":1,"name":"Home","item":"https:\/\/sanexen.com\/fr\/home\/"},{"@type":"ListItem","position":2,"name":"Jobs","item":"https:\/\/sanexen.com\/fr\/job\/"},{"@type":"ListItem","position":3,"name":"Analyste financier.\u00e8re principal.e, M&amp;A"}]},{"@type":"WebSite","@id":"https:\/\/sanexen.com\/fr\/#website","url":"https:\/\/sanexen.com\/fr\/","name":"SANEXEN","description":"Driving innovation in environmental, water, climate change and circular economy solutions.","publisher":{"@id":"https:\/\/sanexen.com\/fr\/#organization"},"alternateName":"Sanexen Services environnementaux","potentialAction":[{"@type":"SearchAction","target":{"@type":"EntryPoint","urlTemplate":"https:\/\/sanexen.com\/fr\/?s={search_term_string}"},"query-input":{"@type":"PropertyValueSpecification","valueRequired":true,"valueName":"search_term_string"}}],"inLanguage":"fr-FR"},{"@type":"Organization","@id":"https:\/\/sanexen.com\/fr\/#organization","name":"SANEXEN","alternateName":"SANEXEN Services environnementaux","url":"https:\/\/sanexen.com\/fr\/","logo":{"@type":"ImageObject","inLanguage":"fr-FR","@id":"https:\/\/sanexen.com\/fr\/#\/schema\/logo\/image\/","url":"https:\/\/sanexen.com\/wp-content\/uploads\/2025\/11\/SNX-logo-696X696.png","contentUrl":"https:\/\/sanexen.com\/wp-content\/uploads\/2025\/11\/SNX-logo-696X696.png","width":696,"height":696,"caption":"SANEXEN"},"image":{"@id":"https:\/\/sanexen.com\/fr\/#\/schema\/logo\/image\/"},"sameAs":["https:\/\/www.facebook.com\/sanexen.env\/","https:\/\/x.com\/sanexen_env","https:\/\/www.linkedin.com\/company\/sanexen-env","https:\/\/www.youtube.com\/@sanexen-env"]}]}},"_links":{"self":[{"href":"https:\/\/sanexen.com\/fr\/wp-json\/wp\/v2\/job\/23921","targetHints":{"allow":["GET"]}}],"collection":[{"href":"https:\/\/sanexen.com\/fr\/wp-json\/wp\/v2\/job"}],"about":[{"href":"https:\/\/sanexen.com\/fr\/wp-json\/wp\/v2\/types\/job"}],"version-history":[{"count":4,"href":"https:\/\/sanexen.com\/fr\/wp-json\/wp\/v2\/job\/23921\/revisions"}],"predecessor-version":[{"id":23990,"href":"https:\/\/sanexen.com\/fr\/wp-json\/wp\/v2\/job\/23921\/revisions\/23990"}],"wp:attachment":[{"href":"https:\/\/sanexen.com\/fr\/wp-json\/wp\/v2\/media?parent=23921"}],"wp:term":[{"taxonomy":"job_category","embeddable":true,"href":"https:\/\/sanexen.com\/fr\/wp-json\/wp\/v2\/job_category?post=23921"},{"taxonomy":"job_region","embeddable":true,"href":"https:\/\/sanexen.com\/fr\/wp-json\/wp\/v2\/job_region?post=23921"},{"taxonomy":"job_type","embeddable":true,"href":"https:\/\/sanexen.com\/fr\/wp-json\/wp\/v2\/job_type?post=23921"},{"taxonomy":"work_mode","embeddable":true,"href":"https:\/\/sanexen.com\/fr\/wp-json\/wp\/v2\/work_mode?post=23921"}],"curies":[{"name":"wp","href":"https:\/\/api.w.org\/{rel}","templated":true}]}}