{"id":23285,"date":"2026-08-17T16:00:22","date_gmt":"2026-08-17T20:00:22","guid":{"rendered":"https:\/\/sanexen.com\/?post_type=job&#038;p=23285"},"modified":"2026-08-17T16:01:14","modified_gmt":"2026-08-17T20:01:14","slug":"stagiaire-ressources-humaines","status":"publish","type":"job","link":"https:\/\/sanexen.com\/fr\/job\/stagiaire-ressources-humaines\/","title":{"rendered":"Stagiaire \u2013 Ressources humaines"},"content":{"rendered":"\n<hr class=\"wp-block-separator has-alpha-channel-opacity is-style-wide\"\/>\n\n\n\n<p class=\"has-medium-font-size wp-block-paragraph\">Sanexen est \u00e0 la recherche d'un\u00b7e <strong>Stagiaire \u2013 Ressources humaines <\/strong>pour ses bureaux de<strong> Brossard<\/strong>.<\/p>\n\n\n\n<p class=\"wp-block-paragraph\"><\/p>\n\n\n\n<h3 class=\"wp-block-heading\">Description de l'emploi<\/h3>\n\n\n\n<p class=\"wp-block-paragraph\"><\/p>\n\n\n\n<p class=\"wp-block-paragraph\">Tu souhaites d\u00e9velopper ton exp\u00e9rience en ressources humaines en touchant \u00e0 plusieurs volets cl\u00e9s de la fonction RH? Nous sommes \u00e0 la recherche d\u2019un.e stagiaire en ressources humaines pour l\u2019hiver 2027.<\/p>\n\n\n\n<p class=\"wp-block-paragraph\">Tu contribueras \u00e0 diff\u00e9rents mandats li\u00e9s au recrutement, \u00e0 la formation, \u00e0 la r\u00e9mun\u00e9ration globale et \u00e0 l\u2019implantation d\u2019un syst\u00e8me RH, en plus de participer \u00e0 divers projets et activit\u00e9s de soutien RH. Une belle occasion de d\u00e9velopper une exp\u00e9rience g\u00e9n\u00e9raliste et concr\u00e8te au sein d\u2019une \u00e9quipe dynamique, dans un secteur au c\u0153ur des enjeux environnementaux.<\/p>\n\n\n\n<p class=\"wp-block-paragraph\"><\/p>\n\n\n\n<h4 class=\"wp-block-heading has-vivid-green-cyan-color has-text-color has-link-color wp-elements-1\" style=\"text-transform:uppercase\"><strong>Principales responsabilit\u00e9s<\/strong><\/h4>\n\n\n\n<p class=\"wp-block-paragraph\"><\/p>\n\n\n\n<p class=\"wp-block-paragraph\"><strong>Recrutement et attraction des talents<\/strong><\/p>\n\n\n\n<ul class=\"wp-block-list\">\n<li>Participer aux diff\u00e9rentes \u00e9tapes du processus de recrutement : affichage, tri des candidatures, pr\u00e9s\u00e9lection et coordination des entrevues;<\/li>\n\n\n\n<li>Effectuer des recherches de candidatures et contribuer \u00e0 l\u2019identification de profils potentiels pour diff\u00e9rents postes, notamment \u00e0 l\u2019aide de personas de candidats;<\/li>\n\n\n\n<li>Participer \u00e0 la pr\u00e9paration et \u00e0 la coordination des activit\u00e9s de recrutement;<\/li>\n\n\n\n<li>Collaborer \u00e0 l\u2019organisation et \u00e0 la participation \u00e0 des foires d\u2019emploi, journ\u00e9es carri\u00e8res et \u00e9v\u00e9nements de recrutement;<\/li>\n\n\n\n<li>Contribuer au d\u00e9veloppement de la marque employeur et effectuer diverses t\u00e2ches administratives li\u00e9es au recrutement.<\/li>\n<\/ul>\n\n\n\n<p class=\"wp-block-paragraph\"><strong>Formation et d\u00e9veloppement<\/strong><\/p>\n\n\n\n<ul class=\"wp-block-list\">\n<li>Compiler et mettre \u00e0 jour les donn\u00e9es li\u00e9es aux formations suivies;<\/li>\n\n\n\n<li>Participer au suivi des obligations de l\u2019employeur en mati\u00e8re de formation;<\/li>\n\n\n\n<li>Soutenir la pr\u00e9paration, la coordination et le suivi des activit\u00e9s de formation;<\/li>\n\n\n\n<li>Contribuer \u00e0 la pr\u00e9paration de rapports et tableaux de bord li\u00e9s \u00e0 la formation;<\/li>\n<\/ul>\n\n\n\n<p class=\"wp-block-paragraph\"><strong>R\u00e9mun\u00e9ration globale<\/strong><\/p>\n\n\n\n<ul class=\"wp-block-list\">\n<li>Participer aux activit\u00e9s li\u00e9es aux r\u00e9visions salariales et \u00e0 la p\u00e9riode de bonis;<\/li>\n\n\n\n<li>Soutenir la collecte, la validation et la compilation des donn\u00e9es ainsi que la pr\u00e9paration des rapports et documents requis.<\/li>\n<\/ul>\n\n\n\n<p class=\"wp-block-paragraph\"><strong>Projets et soutien RH<\/strong><\/p>\n\n\n\n<ul class=\"wp-block-list\">\n<li>Participer \u00e0 diff\u00e9rents projets RH selon les priorit\u00e9s de l\u2019\u00e9quipe;<\/li>\n\n\n\n<li>Contribuer au d\u00e9ploiement du syst\u00e8me RH Dayforce,;<\/li>\n\n\n\n<li>Participer \u00e0 la mise \u00e0 jour des donn\u00e9es dans le syst\u00e8me RH;<\/li>\n\n\n\n<li>Contribuer \u00e0 la pr\u00e9paration de documents, rapports et pr\u00e9sentations;<\/li>\n\n\n\n<li>Soutenir l\u2019\u00e9quipe RH dans diverses t\u00e2ches administratives et l\u2019am\u00e9lioration continue des processus.<\/li>\n<\/ul>\n\n\n\n<h4 class=\"wp-block-heading has-vivid-green-cyan-color has-text-color has-link-color wp-elements-2\" style=\"text-transform:uppercase\"><strong>Qualifications requises<\/strong><\/h4>\n\n\n\n<p class=\"wp-block-paragraph\"><\/p>\n\n\n\n<p class=\"wp-block-paragraph\"><strong>Profil recherch\u00e9<\/strong><\/p>\n\n\n\n<ul class=\"wp-block-list\">\n<li>\u00c9tudiant(e) au baccalaur\u00e9at en gestion des ressources humaines, relations industrielles, administration ou domaine connexe;<\/li>\n\n\n\n<li>Disponible pour un stage \u00e0 temps plein \u00e0 l\u2019hiver 2027;<\/li>\n\n\n\n<li> Int\u00e9r\u00eat pour les diff\u00e9rents volets des RH;<\/li>\n\n\n\n<li>Profil g\u00e9n\u00e9raliste, autonome et \u00e0 l\u2019aise de travailler sur plusieurs projets \u00e0 la fois;<\/li>\n\n\n\n<li>Facilit\u00e9 \u00e0 apprendre de nouveaux syst\u00e8mes informatiques;<\/li>\n\n\n\n<li>Bonne ma\u00eetrise de Microsoft Office, particuli\u00e8rement Excel;<\/li>\n\n\n\n<li>Sens de l\u2019organisation, souci du d\u00e9tail et capacit\u00e9 \u00e0 g\u00e9rer les priorit\u00e9s;<\/li>\n\n\n\n<li>Bonnes aptitudes en communication et travail d\u2019\u00e9quipe.<\/li>\n\n\n\n<li>Tr\u00e8s bonne ma\u00eetrise du fran\u00e7ais, \u00e0 l\u2019oral et \u00e0 l\u2019\u00e9crit;<\/li>\n<\/ul>\n\n\n\n<p class=\"wp-block-paragraph\"><\/p>\n\n\n\n<p class=\"wp-block-paragraph\"><strong>Atouts<\/strong><\/p>\n\n\n\n<ul class=\"wp-block-list\">\n<li>Exp\u00e9rience avec un syst\u00e8me SIRH;<\/li>\n\n\n\n<li>Exp\u00e9rience en recrutement ou en formation;<\/li>\n\n\n\n<li>Int\u00e9r\u00eat pour les environnements technologiques et les projets d\u2019implantation de syst\u00e8mes RH.<\/li>\n\n\n\n<li>Tr\u00e8s bonne ma\u00eetrise des outils d\u2019intelligence artificielle et aisance \u00e0 les int\u00e9grer dans les activit\u00e9s professionnelles.<\/li>\n<\/ul>\n\n\n\n<p class=\"wp-block-paragraph\"><\/p>\n\n\n\n<p class=\"wp-block-paragraph\"><strong>Ma\u00eetrise du fran\u00e7ais et de l\u2019anglais :<\/strong>&nbsp;&nbsp;<br>Compte tenu de la diversit\u00e9 de notre \u00e9quipe et de la n\u00e9cessit\u00e9 de collaborer avec des clients et partenaires locaux, pancanadiens et internationaux, la capacit\u00e9 de comprendre et de s\u2019exprimer dans les deux langues est exig\u00e9e.&nbsp;<\/p>\n\n\n\n<p class=\"wp-block-paragraph\">Nous valorisons la&nbsp;<strong>diversit\u00e9<\/strong>&nbsp;et l\u2019<strong>inclusion<\/strong>, et nous nous engageons \u00e0 offrir un environnement de travail respectueux et \u00e9quitable pour tous.<\/p>\n\n\n\n<blockquote class=\"wp-block-quote is-layout-flow wp-block-quote-is-layout-flow\">\n<p class=\"wp-block-paragraph\"><em>Ce texte utilise le masculin g\u00e9n\u00e9rique pour faciliter la lecture; il inclut les termes masculins et f\u00e9minins dans le cadre de notre politique d\u2019inclusion.<\/em><\/p>\n<\/blockquote>\n\n\n\n<p class=\"wp-block-paragraph\"><\/p>\n\n\n\n<p class=\"wp-block-paragraph\">Choisir&nbsp;<strong>SANEXEN<\/strong>, c\u2019est :<\/p>\n\n\n\n<ul class=\"wp-block-list\">\n<li>Une r\u00e9mun\u00e9ration comp\u00e9titive;&nbsp;<\/li>\n\n\n\n<li>Des avantages sociaux qui r\u00e9pondent \u00e0 vos besoins;&nbsp;<\/li>\n\n\n\n<li>Des possibilit\u00e9s d\u2019\u00e9volution de carri\u00e8re et de d\u00e9veloppement professionnel;&nbsp;<\/li>\n\n\n\n<li>Des projets et des d\u00e9fis qui combinent notre ADN et votre passion;<\/li>\n\n\n\n<li>Un environnement stimulant o\u00f9 chacun travaille vers des objectifs communs.<\/li>\n<\/ul>\n\n\n\n<p class=\"wp-block-paragraph\"><\/p>\n\n\n\n<h3 class=\"wp-block-heading has-vivid-green-cyan-color has-text-color has-link-color has-medium-font-size wp-elements-3\">\u00c0 propos de SANEXEN<\/h3>\n\n\n\n<p class=\"wp-block-paragraph\"><\/p>\n\n\n\n<p class=\"wp-block-paragraph\"><strong>SANEXEN \u2013 Plus de 40 ans de solutions environnementales innovantes<\/strong><\/p>\n\n\n\n<p class=\"wp-block-paragraph\"><\/p>\n\n\n\n<p class=\"wp-block-paragraph\">Un chef de file en environnement en Am\u00e9rique du Nord, SANEXEN con\u00e7oit depuis plus de quatre d\u00e9cennies des solutions durables, sur mesure et \u00e0 la fine pointe de la technologie. Notre expertise couvre la r\u00e9habilitation de sites contamin\u00e9s, la gestion des mati\u00e8res r\u00e9glement\u00e9es, l\u2019analyse de risques, le dragage, la d\u00e9shydratation, le traitement des effluents industriels, l\u2019\u00e9limination des PFAS, et bien plus encore.<\/p>\n\n\n\n<p class=\"wp-block-paragraph\">Ce qui nous distingue? Nos \u00e9quipes multidisciplinaires d\u2019ing\u00e9nieurs, de scientifiques et de sp\u00e9cialistes passionn\u00e9s, qui repoussent les limites de l\u2019innovation pour relever les d\u00e9fis environnementaux les plus complexes dans les secteurs industriel, municipal et gouvernemental.<\/p>\n\n\n\n<p class=\"wp-block-paragraph\"><strong>Travailler chez SANEXEN, c\u2019est contribuer \u00e0 des projets porteurs de sens, dans un environnement o\u00f9 ton expertise est reconnue, ta voix entendue et ton d\u00e9veloppement soutenu.<\/strong> <\/p>\n\n\n\n<p class=\"wp-block-paragraph\">Ici, tu fais partie d\u2019une \u00e9quipe engag\u00e9e \u00e0 b\u00e2tir un avenir plus propre, plus s\u00fbr et plus durable \u2014 pour tous.<\/p>\n\n\n\n<p class=\"wp-block-paragraph\"><\/p>\n","protected":false},"featured_media":0,"template":"","job_category":[165],"job_region":[180],"job_type":[175,174],"work_mode":[177],"class_list":["post-23285","job","type-job","status-publish","hentry","job_category-ressources-humaines","job_region-brossard-qc-canada","job_type-stage","job_type-temps-plein","work_mode-presentiel"],"acf":[],"yoast_head":"<!-- This site is optimized with the Yoast SEO plugin v28.4 - https:\/\/yoast.com\/product\/yoast-seo-wordpress\/ -->\n<title>Stagiaire \u2013 Ressources humaines | Carri\u00e8re chez SANEXEN<\/title>\n<meta name=\"description\" content=\"Sanexen est \u00e0 la recherche d&#039;un\u00b7e [titre du poste] pour ses bureaux de [lieu].\" \/>\n<meta name=\"robots\" content=\"index, follow, max-snippet:-1, max-image-preview:large, max-video-preview:-1\" \/>\n<link rel=\"canonical\" href=\"https:\/\/sanexen.com\/fr\/job\/stagiaire-ressources-humaines\/\" \/>\n<meta property=\"og:locale\" content=\"fr_FR\" \/>\n<meta property=\"og:type\" content=\"article\" \/>\n<meta property=\"og:title\" content=\"Stagiaire \u2013 Ressources humaines | Carri\u00e8re chez SANEXEN\" \/>\n<meta property=\"og:description\" content=\"Sanexen est \u00e0 la recherche d&#039;un\u00b7e [titre du poste] pour ses bureaux de [lieu].\" \/>\n<meta property=\"og:url\" content=\"https:\/\/sanexen.com\/fr\/job\/stagiaire-ressources-humaines\/\" \/>\n<meta property=\"og:site_name\" content=\"SANEXEN\" \/>\n<meta property=\"article:publisher\" content=\"https:\/\/www.facebook.com\/sanexen.env\/\" \/>\n<meta property=\"article:modified_time\" content=\"2026-08-17T20:01:14+00:00\" \/>\n<meta property=\"og:image\" content=\"https:\/\/sanexen.com\/wp-content\/uploads\/2025\/11\/Site-default-image-for-post.png\" \/>\n\t<meta property=\"og:image:width\" content=\"1200\" \/>\n\t<meta property=\"og:image:height\" content=\"675\" \/>\n\t<meta property=\"og:image:type\" content=\"image\/png\" \/>\n<meta name=\"twitter:card\" content=\"summary_large_image\" \/>\n<meta name=\"twitter:site\" content=\"@sanexen_env\" \/>\n<meta name=\"twitter:label1\" content=\"Dur\u00e9e de lecture estim\u00e9e\" \/>\n\t<meta name=\"twitter:data1\" content=\"4 minutes\" \/>\n<script type=\"application\/ld+json\" class=\"yoast-schema-graph\">{\"@context\":\"https:\\\/\\\/schema.org\",\"@graph\":[{\"@type\":\"WebPage\",\"@id\":\"https:\\\/\\\/sanexen.com\\\/fr\\\/job\\\/stagiaire-ressources-humaines\\\/\",\"url\":\"https:\\\/\\\/sanexen.com\\\/fr\\\/job\\\/stagiaire-ressources-humaines\\\/\",\"name\":\"Stagiaire \u2013 Ressources humaines | Carri\u00e8re chez SANEXEN\",\"isPartOf\":{\"@id\":\"https:\\\/\\\/sanexen.com\\\/fr\\\/#website\"},\"datePublished\":\"2026-08-17T20:00:22+00:00\",\"dateModified\":\"2026-08-17T20:01:14+00:00\",\"description\":\"Sanexen est \u00e0 la recherche d'un\u00b7e [titre du poste] pour ses bureaux de [lieu].\",\"breadcrumb\":{\"@id\":\"https:\\\/\\\/sanexen.com\\\/fr\\\/job\\\/stagiaire-ressources-humaines\\\/#breadcrumb\"},\"inLanguage\":\"fr-FR\",\"potentialAction\":[{\"@type\":\"ReadAction\",\"target\":[\"https:\\\/\\\/sanexen.com\\\/fr\\\/job\\\/stagiaire-ressources-humaines\\\/\"]}]},{\"@type\":\"BreadcrumbList\",\"@id\":\"https:\\\/\\\/sanexen.com\\\/fr\\\/job\\\/stagiaire-ressources-humaines\\\/#breadcrumb\",\"itemListElement\":[{\"@type\":\"ListItem\",\"position\":1,\"name\":\"Home\",\"item\":\"https:\\\/\\\/sanexen.com\\\/fr\\\/home\\\/\"},{\"@type\":\"ListItem\",\"position\":2,\"name\":\"Jobs\",\"item\":\"https:\\\/\\\/sanexen.com\\\/fr\\\/job\\\/\"},{\"@type\":\"ListItem\",\"position\":3,\"name\":\"Stagiaire \u2013 Ressources humaines\"}]},{\"@type\":\"WebSite\",\"@id\":\"https:\\\/\\\/sanexen.com\\\/fr\\\/#website\",\"url\":\"https:\\\/\\\/sanexen.com\\\/fr\\\/\",\"name\":\"SANEXEN\",\"description\":\"Driving innovation in environmental, water, climate change and circular economy solutions.\",\"publisher\":{\"@id\":\"https:\\\/\\\/sanexen.com\\\/fr\\\/#organization\"},\"alternateName\":\"Sanexen Services environnementaux\",\"potentialAction\":[{\"@type\":\"SearchAction\",\"target\":{\"@type\":\"EntryPoint\",\"urlTemplate\":\"https:\\\/\\\/sanexen.com\\\/fr\\\/?s={search_term_string}\"},\"query-input\":{\"@type\":\"PropertyValueSpecification\",\"valueRequired\":true,\"valueName\":\"search_term_string\"}}],\"inLanguage\":\"fr-FR\"},{\"@type\":\"Organization\",\"@id\":\"https:\\\/\\\/sanexen.com\\\/fr\\\/#organization\",\"name\":\"SANEXEN\",\"alternateName\":\"SANEXEN Services environnementaux\",\"url\":\"https:\\\/\\\/sanexen.com\\\/fr\\\/\",\"logo\":{\"@type\":\"ImageObject\",\"inLanguage\":\"fr-FR\",\"@id\":\"https:\\\/\\\/sanexen.com\\\/fr\\\/#\\\/schema\\\/logo\\\/image\\\/\",\"url\":\"https:\\\/\\\/sanexen.com\\\/wp-content\\\/uploads\\\/2025\\\/11\\\/SNX-logo-696X696.png\",\"contentUrl\":\"https:\\\/\\\/sanexen.com\\\/wp-content\\\/uploads\\\/2025\\\/11\\\/SNX-logo-696X696.png\",\"width\":696,\"height\":696,\"caption\":\"SANEXEN\"},\"image\":{\"@id\":\"https:\\\/\\\/sanexen.com\\\/fr\\\/#\\\/schema\\\/logo\\\/image\\\/\"},\"sameAs\":[\"https:\\\/\\\/www.facebook.com\\\/sanexen.env\\\/\",\"https:\\\/\\\/x.com\\\/sanexen_env\",\"https:\\\/\\\/www.linkedin.com\\\/company\\\/sanexen-env\",\"https:\\\/\\\/www.youtube.com\\\/@sanexen-env\"]}]}<\/script>\n<!-- \/ Yoast SEO plugin. -->","yoast_head_json":{"title":"Stagiaire \u2013 Ressources humaines | Carri\u00e8re chez SANEXEN","description":"Sanexen est \u00e0 la recherche d'un\u00b7e [titre du poste] pour ses bureaux de [lieu].","robots":{"index":"index","follow":"follow","max-snippet":"max-snippet:-1","max-image-preview":"max-image-preview:large","max-video-preview":"max-video-preview:-1"},"canonical":"https:\/\/sanexen.com\/fr\/job\/stagiaire-ressources-humaines\/","og_locale":"fr_FR","og_type":"article","og_title":"Stagiaire \u2013 Ressources humaines | Carri\u00e8re chez SANEXEN","og_description":"Sanexen est \u00e0 la recherche d'un\u00b7e [titre du poste] pour ses bureaux de [lieu].","og_url":"https:\/\/sanexen.com\/fr\/job\/stagiaire-ressources-humaines\/","og_site_name":"SANEXEN","article_publisher":"https:\/\/www.facebook.com\/sanexen.env\/","article_modified_time":"2026-08-17T20:01:14+00:00","og_image":[{"width":1200,"height":675,"url":"https:\/\/sanexen.com\/wp-content\/uploads\/2025\/11\/Site-default-image-for-post.png","type":"image\/png"}],"twitter_card":"summary_large_image","twitter_site":"@sanexen_env","twitter_misc":{"Dur\u00e9e de lecture estim\u00e9e":"4 minutes"},"schema":{"@context":"https:\/\/schema.org","@graph":[{"@type":"WebPage","@id":"https:\/\/sanexen.com\/fr\/job\/stagiaire-ressources-humaines\/","url":"https:\/\/sanexen.com\/fr\/job\/stagiaire-ressources-humaines\/","name":"Stagiaire \u2013 Ressources humaines | Carri\u00e8re chez SANEXEN","isPartOf":{"@id":"https:\/\/sanexen.com\/fr\/#website"},"datePublished":"2026-08-17T20:00:22+00:00","dateModified":"2026-08-17T20:01:14+00:00","description":"Sanexen est \u00e0 la recherche d'un\u00b7e [titre du poste] pour ses bureaux de [lieu].","breadcrumb":{"@id":"https:\/\/sanexen.com\/fr\/job\/stagiaire-ressources-humaines\/#breadcrumb"},"inLanguage":"fr-FR","potentialAction":[{"@type":"ReadAction","target":["https:\/\/sanexen.com\/fr\/job\/stagiaire-ressources-humaines\/"]}]},{"@type":"BreadcrumbList","@id":"https:\/\/sanexen.com\/fr\/job\/stagiaire-ressources-humaines\/#breadcrumb","itemListElement":[{"@type":"ListItem","position":1,"name":"Home","item":"https:\/\/sanexen.com\/fr\/home\/"},{"@type":"ListItem","position":2,"name":"Jobs","item":"https:\/\/sanexen.com\/fr\/job\/"},{"@type":"ListItem","position":3,"name":"Stagiaire \u2013 Ressources humaines"}]},{"@type":"WebSite","@id":"https:\/\/sanexen.com\/fr\/#website","url":"https:\/\/sanexen.com\/fr\/","name":"SANEXEN","description":"Driving innovation in environmental, water, climate change and circular economy solutions.","publisher":{"@id":"https:\/\/sanexen.com\/fr\/#organization"},"alternateName":"Sanexen Services environnementaux","potentialAction":[{"@type":"SearchAction","target":{"@type":"EntryPoint","urlTemplate":"https:\/\/sanexen.com\/fr\/?s={search_term_string}"},"query-input":{"@type":"PropertyValueSpecification","valueRequired":true,"valueName":"search_term_string"}}],"inLanguage":"fr-FR"},{"@type":"Organization","@id":"https:\/\/sanexen.com\/fr\/#organization","name":"SANEXEN","alternateName":"SANEXEN Services environnementaux","url":"https:\/\/sanexen.com\/fr\/","logo":{"@type":"ImageObject","inLanguage":"fr-FR","@id":"https:\/\/sanexen.com\/fr\/#\/schema\/logo\/image\/","url":"https:\/\/sanexen.com\/wp-content\/uploads\/2025\/11\/SNX-logo-696X696.png","contentUrl":"https:\/\/sanexen.com\/wp-content\/uploads\/2025\/11\/SNX-logo-696X696.png","width":696,"height":696,"caption":"SANEXEN"},"image":{"@id":"https:\/\/sanexen.com\/fr\/#\/schema\/logo\/image\/"},"sameAs":["https:\/\/www.facebook.com\/sanexen.env\/","https:\/\/x.com\/sanexen_env","https:\/\/www.linkedin.com\/company\/sanexen-env","https:\/\/www.youtube.com\/@sanexen-env"]}]}},"_links":{"self":[{"href":"https:\/\/sanexen.com\/fr\/wp-json\/wp\/v2\/job\/23285","targetHints":{"allow":["GET"]}}],"collection":[{"href":"https:\/\/sanexen.com\/fr\/wp-json\/wp\/v2\/job"}],"about":[{"href":"https:\/\/sanexen.com\/fr\/wp-json\/wp\/v2\/types\/job"}],"version-history":[{"count":2,"href":"https:\/\/sanexen.com\/fr\/wp-json\/wp\/v2\/job\/23285\/revisions"}],"predecessor-version":[{"id":23291,"href":"https:\/\/sanexen.com\/fr\/wp-json\/wp\/v2\/job\/23285\/revisions\/23291"}],"wp:attachment":[{"href":"https:\/\/sanexen.com\/fr\/wp-json\/wp\/v2\/media?parent=23285"}],"wp:term":[{"taxonomy":"job_category","embeddable":true,"href":"https:\/\/sanexen.com\/fr\/wp-json\/wp\/v2\/job_category?post=23285"},{"taxonomy":"job_region","embeddable":true,"href":"https:\/\/sanexen.com\/fr\/wp-json\/wp\/v2\/job_region?post=23285"},{"taxonomy":"job_type","embeddable":true,"href":"https:\/\/sanexen.com\/fr\/wp-json\/wp\/v2\/job_type?post=23285"},{"taxonomy":"work_mode","embeddable":true,"href":"https:\/\/sanexen.com\/fr\/wp-json\/wp\/v2\/work_mode?post=23285"}],"curies":[{"name":"wp","href":"https:\/\/api.w.org\/{rel}","templated":true}]}}